{"id":3302,"date":"2026-01-13T01:23:17","date_gmt":"2026-01-13T06:23:17","guid":{"rendered":"https:\/\/lamaisondelautisme.ca\/?page_id=3302"},"modified":"2026-01-13T02:27:05","modified_gmt":"2026-01-13T07:27:05","slug":"rec-astrid-et-raphaelle-2","status":"publish","type":"page","link":"https:\/\/lamaisondelautisme.ca\/en\/rec-astrid-et-raphaelle-2\/","title":{"rendered":"Astrid et Rapha\u00eblle"},"content":{"rendered":"<div class=\"wp-block-group alignwide has-global-padding is-layout-constrained wp-block-group-is-layout-constrained\">\n<h1 class=\"wp-block-heading alignwide has-text-align-center\">Astrid et Rapha\u00eblle<\/h1>\n\n\n\n<div class=\"wp-block-uagb-advanced-heading uagb-block-0397f6ef\"><h2 class=\"uagb-heading-text\">Suggestion de s\u00e9rie t\u00e9l\u00e9vis\u00e9e<\/h2><\/div>\n\n\n\n<div class=\"wp-block-uagb-separator uagb-block-736f9d4f\"><div class=\"wp-block-uagb-separator__inner\" style=\"--my-background-image:\"><\/div><\/div>\n\n\n\n<div class=\"wp-block-media-text alignwide is-stacked-on-mobile\" style=\"grid-template-columns:35% auto\"><figure class=\"wp-block-media-text__media\"><img loading=\"lazy\" decoding=\"async\" width=\"474\" height=\"266\" data-attachment-id=\"3303\" data-permalink=\"https:\/\/lamaisondelautisme.ca\/en\/rec-astrid-et-raphaelle\/\" data-orig-file=\"https:\/\/lamaisondelautisme.ca\/wp-content\/uploads\/2026\/01\/rec-Astrid-et-Raphaelle.jpg\" data-orig-size=\"474,266\" data-comments-opened=\"1\" data-image-meta=\"{&quot;aperture&quot;:&quot;0&quot;,&quot;credit&quot;:&quot;&quot;,&quot;camera&quot;:&quot;&quot;,&quot;caption&quot;:&quot;&quot;,&quot;created_timestamp&quot;:&quot;0&quot;,&quot;copyright&quot;:&quot;&quot;,&quot;focal_length&quot;:&quot;0&quot;,&quot;iso&quot;:&quot;0&quot;,&quot;shutter_speed&quot;:&quot;0&quot;,&quot;title&quot;:&quot;&quot;,&quot;orientation&quot;:&quot;0&quot;}\" data-image-title=\"rec-Astrid et Rapha\u00eblle-jpeg\" data-image-description=\"\" data-image-caption=\"\" data-large-file=\"https:\/\/lamaisondelautisme.ca\/wp-content\/uploads\/2026\/01\/rec-Astrid-et-Raphaelle.jpg\" src=\"https:\/\/lamaisondelautisme.ca\/wp-content\/uploads\/2026\/01\/rec-Astrid-et-Raphaelle.jpg\" alt=\"\" class=\"wp-image-3303 size-full\" srcset=\"https:\/\/lamaisondelautisme.ca\/wp-content\/uploads\/2026\/01\/rec-Astrid-et-Raphaelle.jpg 474w, https:\/\/lamaisondelautisme.ca\/wp-content\/uploads\/2026\/01\/rec-Astrid-et-Raphaelle-300x168.jpg 300w, https:\/\/lamaisondelautisme.ca\/wp-content\/uploads\/2026\/01\/rec-Astrid-et-Raphaelle-150x84.jpg 150w, https:\/\/lamaisondelautisme.ca\/wp-content\/uploads\/2026\/01\/rec-Astrid-et-Raphaelle-18x10.jpg 18w\" sizes=\"auto, (max-width: 474px) 100vw, 474px\" \/><\/figure><div class=\"wp-block-media-text__content\">\n<p class=\"wp-block-paragraph\"><em><strong>Astrid et Rapha\u00eblle<\/strong><\/em> est une s\u00e9rie t\u00e9l\u00e9vis\u00e9e polici\u00e8re compos\u00e9e d&rsquo;\u00e9pisodes de 52 minutes, cr\u00e9\u00e9e par Alexandre de Seguins et Laurent Burtin et diffus\u00e9e depuis le 12 avril 2019 sur France 2.<\/p>\n\n\n\n<p class=\"wp-block-paragraph\">La s\u00e9rie franco-belge est une coproduction de France T\u00e9l\u00e9visions, <a href=\"https:\/\/fr.wikipedia.org\/wiki\/JLA_Holding\">J<\/a>LA Productions, Be-Films et la Radio-t\u00e9l\u00e9vision belge de la Communaut\u00e9 fran\u00e7aise (RTBF).<\/p>\n\n\n\n<p class=\"wp-block-paragraph\">Elle met en sc\u00e8ne un duo d&rsquo;enqu\u00eatrices\u00a0: le commandant de police Rapha\u00eblle Coste, une femme impulsive incarn\u00e9e par Lola Dewaere, et la documentaliste Astrid Nielsen, autiste, interpr\u00e9t\u00e9e par Sara Mortensen.<\/p>\n\n\n\n<p class=\"wp-block-paragraph\">O\u00f9 voir : <a href=\"https:\/\/ici.tou.tv\/astrid-et-raphaelle\" target=\"_blank\" rel=\"noreferrer noopener\">Extra de Tou.tv <\/a>(Requiert un abonnement)<\/p>\n<\/div><\/div>\n<\/div>\n\n\n\n<div class=\"wp-block-group alignfull is-layout-flow wp-block-group-is-layout-flow\">\n<div class=\"wp-block-uagb-separator uagb-block-e74339aa\"><div class=\"wp-block-uagb-separator__inner\" style=\"--my-background-image:\"><\/div><\/div>\n\n\n\n<div class=\"wp-block-uagb-separator uagb-block-e76ad392\"><div class=\"wp-block-uagb-separator__inner\" style=\"--my-background-image:\"><\/div><\/div>\n\n\n\n<div class=\"wp-block-uagb-advanced-heading uagb-block-3dcc99e4\"><h2 class=\"uagb-heading-text\">Pourquoi on aime \u00e7a:<br><\/h2><\/div>\n<\/div>\n\n\n\n<div class=\"wp-block-uagb-separator uagb-block-926e8ceb\"><div class=\"wp-block-uagb-separator__inner\" style=\"--my-background-image:\"><\/div><\/div>\n\n\n\t<div\n\t\tclass=\"wp-block-newspack-blocks-homepage-articles alignwide  wpnbha ts-4  has-text-align-left\"\n\t\tstyle=\"\"\n\t\t>\n\t\t\t\t\t<style id=\"newspack-blocks-inline-css\" type=\"text\/css\">\t\t.wp-block-newspack-blocks-homepage-articles article .entry-title {\n\t\t\tfont-size: 1.2em;\n\t\t}\n\t\t.wp-block-newspack-blocks-homepage-articles .entry-meta {\n\t\t\tdisplay: flex;\n\t\t\tflex-wrap: wrap;\n\t\t\talign-items: center;\n\t\t\tmargin-top: 0.5em;\n\t\t}\n\t\t.wp-block-newspack-blocks-homepage-articles article .entry-meta {\n\t\t\tfont-size: 0.8em;\n\t\t}\n\t\t.wp-block-newspack-blocks-homepage-articles article .avatar {\n\t\t\theight: 25px;\n\t\t\twidth: 25px;\n\t\t}\n\t\t.wp-block-newspack-blocks-homepage-articles .post-thumbnail{\n\t\t\tmargin: 0;\n\t\t\tmargin-bottom: 0.25em;\n\t\t}\n\t\t.wp-block-newspack-blocks-homepage-articles .post-thumbnail img {\n\t\t\theight: auto;\n\t\t\twidth: 100%;\n\t\t}\n\t\t.wp-block-newspack-blocks-homepage-articles .post-thumbnail figcaption {\n\t\t\tmargin-bottom: 0.5em;\n\t\t}\n\t\t.wp-block-newspack-blocks-homepage-articles p {\n\t\t\tmargin: 0.5em 0;\n\t\t}\n\n\t\t\t<\/style>\n\t\t\t\t<div data-posts data-current-post-id=\"3302\">\n\t\t\t\t\t\t\n\t<article data-post-id=\"3306\"\n\t\tclass=\"tag-astrid-et-raphaelle category-autiste category-francais category-libride category-recommendations category-texte type-post post-has-image\"\n\t\t\t\t>\n\t\t\t\t\n\t\t<div class=\"entry-wrapper\">\n\t\t\t<h2 class=\"entry-title\"><a href=\"https:\/\/lamaisondelautisme.ca\/en\/astrid-et-raphaelle-libride\/\" rel=\"bookmark\">Astrid et Rapha\u00eblle &#8211; Librid\u00e9<\/a><\/h2>\t\t\t\t\t\t\n<div class=\"wp-block-group has-global-padding is-layout-constrained wp-block-group-is-layout-constrained\">\n<div class=\"wp-block-uagb-advanced-heading uagb-block-a44bf59f\"><h4 class=\"uagb-heading-text\"><em>Librid\u00e9, homme AuDHD, diagnostiqu\u00e9 \u00e0 40 ans<\/em><\/h4><\/div>\n<\/div>\n\n\n\n<div class=\"wp-block-group alignwide is-layout-flow wp-block-group-is-layout-flow\">\n<p class=\"has-text-align-justify wp-block-paragraph\" id=\"viewer-aua3v\">Cette s\u00e9rie est divertissante et tr\u00e8s repr\u00e9sentative du spectre de l&rsquo;autisme sans en \u00eatre moralisatrice. Le sujet est abord\u00e9 surtout de fa\u00e7on \u00e0 mettre en lumi\u00e8re les atouts que peuvent repr\u00e9senter les personnes sur le spectre dans des cadres professionnels particuliers sans oublier d&rsquo;aborder les difficult\u00e9s toujours pr\u00e9sentent. Le personnage de Astrid n&rsquo;est pas une caricature et peut, au contraire, aider \u00e0 expliquer comment on se sent \u00e0 l&rsquo;int\u00e9rieur m\u00eame si on r\u00e9ussi \u00e0 masquer beaucoup des comportements visibles dans son cas. Les gens m&rsquo;ont parfois dit que \u00e7a semblait exag\u00e9r\u00e9 mais si je ne le cachais pas autant, je ressemblerais probablement \u00e0 Astrid. L&rsquo;\u00e9volution au fil des saisons est int\u00e9ressante et on en voudrait toujours plus. Les enqu\u00eates ne sont parfois qu&rsquo;un beau pr\u00e9texte pour explorer une facette de Astrid mais \u00e7a fonctionne tr\u00e8s bien et je n&rsquo;ai pas pu relever d&rsquo;incoh\u00e9rences majeures, ce qui est rare dans les s\u00e9ries o\u00f9 on tente d&rsquo;inclure une personne autiste.<\/p>\n\n\n\n<p class=\"wp-block-paragraph\"><a href=\"https:\/\/lamaisondelautisme.ca\/rec-astrid-et-raphaelle\">Astrid et Rapha\u00eblle<\/a><\/p>\n<\/div>\n\t\t\t\t<div class=\"entry-meta\">\n\t\t\t\t\t<time class=\"entry-date published\" datetime=\"2026-01-13T01:49:27-05:00\">13\/01\/2026<\/time><time class=\"updated\" datetime=\"2026-01-13T03:30:11-05:00\">13\/01\/2026<\/time>\t\t\t\t<\/div><!-- .entry-meta -->\n\t\t\t\t\t<\/div><!-- .entry-wrapper -->\n\t<\/article>\n\n\t\t\t\t<\/div>\n\t\t\n\t<\/div>\n\t\n\n\n<div class=\"wp-block-group alignfull is-layout-flow wp-block-group-is-layout-flow\">\n<div class=\"wp-block-uagb-separator uagb-block-58863664\"><div class=\"wp-block-uagb-separator__inner\" style=\"--my-background-image:\"><\/div><\/div>\n\n\n\n<div class=\"wp-block-uagb-separator uagb-block-88669cc3\"><div class=\"wp-block-uagb-separator__inner\" style=\"--my-background-image:\"><\/div><\/div>\n\n\n\n<div class=\"wp-block-uagb-advanced-heading uagb-block-092a03fd\"><h2 class=\"uagb-heading-text\">Vous avez vu cette s\u00e9rie?  Parlez-nous en !<\/h2><\/div>\n<\/div>\n\n\n\n<details class=\"wp-block-details is-layout-flow wp-block-details-is-layout-flow\"><summary>Appuyez ici et remplissez le formulaire pour ajouter votre voix<\/summary>\n<div class=\"wp-block-contact-form-7-contact-form-selector\">\n<div class=\"wpcf7 no-js\" id=\"wpcf7-f3307-o1\" lang=\"fr-FR\" dir=\"ltr\" data-wpcf7-id=\"3307\">\n<div class=\"screen-reader-response\"><p role=\"status\" aria-live=\"polite\" aria-atomic=\"true\"><\/p> <ul><\/ul><\/div>\n<form action=\"\/en\/wp-json\/wp\/v2\/pages\/3302#wpcf7-f3307-o1\" method=\"post\" class=\"wpcf7-form init wpcf7-acceptance-as-validation\" aria-label=\"Formulaire de contact\" novalidate=\"novalidate\" data-status=\"init\" data-trp-original-action=\"\/en\/wp-json\/wp\/v2\/pages\/3302#wpcf7-f3307-o1\">\n<fieldset class=\"hidden-fields-container\"><input type=\"hidden\" name=\"_wpcf7\" value=\"3307\" \/><input type=\"hidden\" name=\"_wpcf7_version\" value=\"6.1.5\" \/><input type=\"hidden\" name=\"_wpcf7_locale\" value=\"fr_FR\" \/><input type=\"hidden\" name=\"_wpcf7_unit_tag\" value=\"wpcf7-f3307-o1\" \/><input type=\"hidden\" name=\"_wpcf7_container_post\" value=\"0\" \/><input type=\"hidden\" name=\"_wpcf7_posted_data_hash\" value=\"\" \/><input type=\"hidden\" name=\"_wpcf7cf_hidden_group_fields\" value=\"[]\" \/><input type=\"hidden\" name=\"_wpcf7cf_hidden_groups\" value=\"[]\" \/><input type=\"hidden\" name=\"_wpcf7cf_visible_groups\" value=\"[]\" \/><input type=\"hidden\" name=\"_wpcf7cf_repeaters\" value=\"[]\" \/><input type=\"hidden\" name=\"_wpcf7cf_steps\" value=\"{}\" \/><input type=\"hidden\" name=\"_wpcf7cf_options\" value=\"{&quot;form_id&quot;:3307,&quot;conditions&quot;:[],&quot;settings&quot;:{&quot;animation&quot;:&quot;yes&quot;,&quot;animation_intime&quot;:&quot;1000&quot;,&quot;animation_outtime&quot;:&quot;1000&quot;,&quot;conditions_ui&quot;:&quot;normal&quot;,&quot;notice_dismissed&quot;:&quot;&quot;}}\" \/>\n<\/fieldset>\n<p>Votre courriel (obligatoire)<br \/>\n<span class=\"wpcf7-form-control-wrap\" data-name=\"email\"><input size=\"40\" maxlength=\"400\" class=\"wpcf7-form-control wpcf7-email wpcf7-validates-as-required wpcf7-text wpcf7-validates-as-email\" aria-required=\"true\" aria-invalid=\"false\" value=\"\" type=\"email\" name=\"email\" \/><\/span>\n<\/p>\n<p>Pr\u00e9nom (obligatoire)<br \/>\n<span class=\"wpcf7-form-control-wrap\" data-name=\"fname\"><input size=\"40\" maxlength=\"400\" class=\"wpcf7-form-control wpcf7-text wpcf7-validates-as-required\" aria-required=\"true\" aria-invalid=\"false\" value=\"\" type=\"text\" name=\"fname\" \/><\/span>\n<\/p>\n<p>Surnom pour la publication<br \/>\n<span class=\"wpcf7-form-control-wrap\" data-name=\"surnom\"><input size=\"40\" maxlength=\"400\" class=\"wpcf7-form-control wpcf7-text wpcf7-validates-as-required\" aria-required=\"true\" aria-invalid=\"false\" value=\"\" type=\"text\" name=\"surnom\" \/><\/span>\n<\/p>\n<p>\u00c0 quel genre vous identifiez-vous? (obligatoire)<br \/>\n<span class=\"wpcf7-form-control-wrap\" data-name=\"genre\"><span class=\"wpcf7-form-control wpcf7-radio\"><span class=\"wpcf7-list-item first\"><label><input type=\"radio\" name=\"genre\" value=\"Masculin\" \/><span class=\"wpcf7-list-item-label\">Masculin<\/span><\/label><\/span><span class=\"wpcf7-list-item\"><label><input type=\"radio\" name=\"genre\" value=\"F\u00e9minin\" \/><span class=\"wpcf7-list-item-label\">F\u00e9minin<\/span><\/label><\/span><span class=\"wpcf7-list-item\"><label><input type=\"radio\" name=\"genre\" value=\"Non-genr\u00e9\" \/><span class=\"wpcf7-list-item-label\">Non-genr\u00e9<\/span><\/label><\/span><span class=\"wpcf7-list-item\"><label><input type=\"radio\" name=\"genre\" value=\"Non-binaire\" \/><span class=\"wpcf7-list-item-label\">Non-binaire<\/span><\/label><\/span><span class=\"wpcf7-list-item\"><label><input type=\"radio\" name=\"genre\" value=\"Fluide\" \/><span class=\"wpcf7-list-item-label\">Fluide<\/span><\/label><\/span><span class=\"wpcf7-list-item last\"><label><input type=\"radio\" name=\"genre\" value=\"Autre\" \/><span class=\"wpcf7-list-item-label\">Autre<\/span><\/label><\/span><\/span><\/span>\n<\/p>\n<p>\u00c0 quel \u00e2ge avez-vous eu votre diagnostic, ou avez-vous soup\u00e7onn\u00e9 \u00eatre autiste, le cas \u00e9ch\u00e9ant? (Obligatoire)<br \/>\n<span class=\"wpcf7-form-control-wrap\" data-name=\"agediag\"><input size=\"40\" maxlength=\"3\" minlength=\"2\" class=\"wpcf7-form-control wpcf7-text\" aria-invalid=\"false\" value=\"ex: 28\" type=\"text\" name=\"agediag\" \/><\/span>\n<\/p>\n<p>Autres diagnostics que vous souhaitez mentionner?<br \/>\n<span class=\"wpcf7-form-control-wrap\" data-name=\"comorbidite\"><span class=\"wpcf7-form-control wpcf7-checkbox\"><span class=\"wpcf7-list-item first\"><label><input type=\"checkbox\" name=\"comorbidite[]\" value=\"Anxi\u00e9t\u00e9\" \/><span class=\"wpcf7-list-item-label\">Anxi\u00e9t\u00e9<\/span><\/label><\/span><span class=\"wpcf7-list-item\"><label><input type=\"checkbox\" name=\"comorbidite[]\" value=\"Aphasie\" \/><span class=\"wpcf7-list-item-label\">Aphasie<\/span><\/label><\/span><span class=\"wpcf7-list-item\"><label><input type=\"checkbox\" name=\"comorbidite[]\" value=\"Bipolarit\u00e9\" \/><span class=\"wpcf7-list-item-label\">Bipolarit\u00e9<\/span><\/label><\/span><span class=\"wpcf7-list-item\"><label><input type=\"checkbox\" name=\"comorbidite[]\" value=\"D\u00e9pression\" \/><span class=\"wpcf7-list-item-label\">D\u00e9pression<\/span><\/label><\/span><span class=\"wpcf7-list-item\"><label><input type=\"checkbox\" name=\"comorbidite[]\" value=\"Dyslexie\" \/><span class=\"wpcf7-list-item-label\">Dyslexie<\/span><\/label><\/span><span class=\"wpcf7-list-item\"><label><input type=\"checkbox\" name=\"comorbidite[]\" value=\"Dysphasie\" \/><span class=\"wpcf7-list-item-label\">Dysphasie<\/span><\/label><\/span><span class=\"wpcf7-list-item\"><label><input type=\"checkbox\" name=\"comorbidite[]\" value=\"Dyspraxie\" \/><span class=\"wpcf7-list-item-label\">Dyspraxie<\/span><\/label><\/span><span class=\"wpcf7-list-item\"><label><input type=\"checkbox\" name=\"comorbidite[]\" value=\"Syndrome de Gilles de la Tourette\" \/><span class=\"wpcf7-list-item-label\">Syndrome de Gilles de la Tourette<\/span><\/label><\/span><span class=\"wpcf7-list-item\"><label><input type=\"checkbox\" name=\"comorbidite[]\" value=\"TDAH\" \/><span class=\"wpcf7-list-item-label\">TDAH<\/span><\/label><\/span><span class=\"wpcf7-list-item\"><label><input type=\"checkbox\" name=\"comorbidite[]\" value=\"Trouble d\u2019opposition\" \/><span class=\"wpcf7-list-item-label\">Trouble d\u2019opposition<\/span><\/label><\/span><span class=\"wpcf7-list-item\"><label><input type=\"checkbox\" name=\"comorbidite[]\" value=\"Trouble de la parole\" \/><span class=\"wpcf7-list-item-label\">Trouble de la parole<\/span><\/label><\/span><span class=\"wpcf7-list-item\"><label><input type=\"checkbox\" name=\"comorbidite[]\" value=\"Trouble de la personnalit\u00e9 limite\" \/><span class=\"wpcf7-list-item-label\">Trouble de la personnalit\u00e9 limite<\/span><\/label><\/span><span class=\"wpcf7-list-item\"><label><input type=\"checkbox\" name=\"comorbidite[]\" value=\"Trouble de stress post-traumatique (TSPT)\" \/><span class=\"wpcf7-list-item-label\">Trouble de stress post-traumatique (TSPT)<\/span><\/label><\/span><span class=\"wpcf7-list-item\"><label><input type=\"checkbox\" name=\"comorbidite[]\" value=\"Trouble obsessif-compulsif\" \/><span class=\"wpcf7-list-item-label\">Trouble obsessif-compulsif<\/span><\/label><\/span><span class=\"wpcf7-list-item last\"><label><input type=\"checkbox\" name=\"comorbidite[]\" value=\"Trouble schizo-affectif\" \/><span class=\"wpcf7-list-item-label\">Trouble schizo-affectif<\/span><\/label><\/span><\/span><\/span>\n<\/p>\n<p>Parlez-nous bri\u00e8vement d'Astrid et Rapha\u00eblle: (maximum 500 caract\u00e8res)<br \/>\n<span class=\"wpcf7-form-control-wrap\" data-name=\"astrid-et-raphaelle\"><textarea cols=\"40\" rows=\"10\" maxlength=\"500\" minlength=\"10\" class=\"wpcf7-form-control wpcf7-textarea wpcf7-validates-as-required\" aria-required=\"true\" aria-invalid=\"false\" name=\"astrid-et-raphaelle\"><\/textarea><\/span>\n<\/p>\n<p>Souhaitez-vous recevoir notre infolettre?<br \/>\nVotre nom sera ajout\u00e9 \u00e0 notre liste de distribution par courriel.<br \/>\nVous recevrez notre infolettre mensuelle avec les derni\u00e8res nouvelles, les activit\u00e9s du mois et d\u2019autres informations utiles concernant la Maison de l\u2019autisme.<br \/>\nVous pourrez vous d\u00e9sabonner en tout temps si vous ne souhaitez plus recevoir nos communications.<br \/>\n<span class=\"wpcf7-form-control-wrap\" data-name=\"consent\"><span class=\"wpcf7-form-control wpcf7-radio\"><span class=\"wpcf7-list-item first\"><input type=\"radio\" name=\"consent\" value=\"Abonn\u00e9\" \/><span class=\"wpcf7-list-item-label\">Abonn\u00e9<\/span><\/span><span class=\"wpcf7-list-item last\"><input type=\"radio\" name=\"consent\" value=\"D\u00e9sabonn\u00e9\" \/><span class=\"wpcf7-list-item-label\">D\u00e9sabonn\u00e9<\/span><\/span><\/span><\/span>\n<\/p>\n<p>Commentaires?<br \/>\n<span class=\"wpcf7-form-control-wrap\" data-name=\"notes\"><textarea cols=\"40\" rows=\"10\" maxlength=\"2000\" class=\"wpcf7-form-control wpcf7-textarea\" aria-invalid=\"false\" name=\"notes\"><\/textarea><\/span>\n<\/p>\n<input class=\"wpcf7-form-control wpcf7-hidden\" value=\"jetpackcrm-add\" type=\"hidden\" name=\"jetpackcrm-add\" \/>\n<input class=\"wpcf7-form-control wpcf7-hidden\" value=\"Contact Form 7\" type=\"hidden\" name=\"source\" \/>\n<input class=\"wpcf7-form-control wpcf7-hidden\" value=\"Astridetraphaelle\" type=\"hidden\" name=\"jetpackcrm-tags\" \/>\n<p><input class=\"wpcf7-form-control wpcf7-submit has-spinner\" type=\"submit\" value=\"Envoyer\" \/>\n<\/p><p style=\"display: none !important;\" class=\"akismet-fields-container\" data-prefix=\"_wpcf7_ak_\"><label>&#916;<textarea name=\"_wpcf7_ak_hp_textarea\" cols=\"45\" rows=\"8\" maxlength=\"100\"><\/textarea><\/label><input type=\"hidden\" id=\"ak_js_1\" name=\"_wpcf7_ak_js\" value=\"30\"\/><script data-jetpack-boost=\"ignore\">\ndocument.getElementById( \"ak_js_1\" ).setAttribute( \"value\", ( new Date() ).getTime() );\n<\/script>\n<\/p><div class=\"wpcf7-response-output\" aria-hidden=\"true\"><\/div>\n<input type=\"hidden\" name=\"trp-form-language\" value=\"en\"\/><\/form>\n<\/div>\n<\/div>\n<\/details>","protected":false},"excerpt":{"rendered":"<p>Astrid et Rapha\u00eblle Suggestion de s\u00e9rie t\u00e9l\u00e9vis\u00e9e Astrid et Rapha\u00eblle est une s\u00e9rie t\u00e9l\u00e9vis\u00e9e polici\u00e8re compos\u00e9e d&rsquo;\u00e9pisodes de 52 minutes, cr\u00e9\u00e9e par Alexandre de Seguins et Laurent Burtin et diffus\u00e9e depuis le 12 avril 2019 sur France 2. La s\u00e9rie franco-belge est une coproduction de France T\u00e9l\u00e9visions, JLA Productions, Be-Films et la Radio-t\u00e9l\u00e9vision belge de [&hellip;]<\/p>\n","protected":false},"author":270503461,"featured_media":3303,"parent":0,"menu_order":0,"comment_status":"closed","ping_status":"closed","template":"wp-custom-template-pages-entraide","meta":{"give_campaign_id":0,"_crdt_document":"","_uag_custom_page_level_css":"","footnotes":""},"class_list":["post-3302","page","type-page","status-publish","has-post-thumbnail","hentry"],"yoast_head":"<!-- This site is optimized with the Yoast SEO plugin v27.4 - https:\/\/yoast.com\/product\/yoast-seo-wordpress\/ -->\n<title>Astrid et Rapha\u00eblle - Maison de l&#039;Autisme<\/title>\n<meta name=\"robots\" content=\"index, follow, max-snippet:-1, max-image-preview:large, max-video-preview:-1\" \/>\n<link rel=\"canonical\" href=\"https:\/\/lamaisondelautisme.ca\/en\/rec-astrid-et-raphaelle-2\/\" \/>\n<meta property=\"og:locale\" content=\"en_US\" \/>\n<meta property=\"og:type\" content=\"article\" \/>\n<meta property=\"og:title\" content=\"Astrid et Rapha\u00eblle - Maison de l&#039;Autisme\" \/>\n<meta property=\"og:description\" content=\"Astrid et Rapha\u00eblle Suggestion de s\u00e9rie t\u00e9l\u00e9vis\u00e9e Astrid et Rapha\u00eblle est une s\u00e9rie t\u00e9l\u00e9vis\u00e9e polici\u00e8re compos\u00e9e d&rsquo;\u00e9pisodes de 52 minutes, cr\u00e9\u00e9e par Alexandre de Seguins et Laurent Burtin et diffus\u00e9e depuis le 12 avril 2019 sur France 2. La s\u00e9rie franco-belge est une coproduction de France T\u00e9l\u00e9visions, JLA Productions, Be-Films et la Radio-t\u00e9l\u00e9vision belge de [&hellip;]\" \/>\n<meta property=\"og:url\" content=\"https:\/\/lamaisondelautisme.ca\/en\/rec-astrid-et-raphaelle-2\/\" \/>\n<meta property=\"og:site_name\" content=\"Maison de l&#039;Autisme\" \/>\n<meta property=\"article:publisher\" content=\"https:\/\/www.facebook.com\/lamaisondelautismeautismhouse\" \/>\n<meta property=\"article:modified_time\" content=\"2026-01-13T07:27:05+00:00\" \/>\n<meta property=\"og:image\" content=\"https:\/\/lamaisondelautisme.ca\/wp-content\/uploads\/2026\/01\/rec-Astrid-et-Raphaelle.jpg\" \/>\n\t<meta property=\"og:image:width\" content=\"474\" \/>\n\t<meta property=\"og:image:height\" content=\"266\" \/>\n\t<meta property=\"og:image:type\" content=\"image\/jpeg\" \/>\n<meta name=\"twitter:card\" content=\"summary_large_image\" \/>\n<meta name=\"twitter:label1\" content=\"Est. reading time\" \/>\n\t<meta name=\"twitter:data1\" content=\"1 minute\" \/>\n<script type=\"application\/ld+json\" class=\"yoast-schema-graph\">{\"@context\":\"https:\\\/\\\/schema.org\",\"@graph\":[{\"@type\":\"WebPage\",\"@id\":\"https:\\\/\\\/lamaisondelautisme.ca\\\/rec-astrid-et-raphaelle-2\\\/\",\"url\":\"https:\\\/\\\/lamaisondelautisme.ca\\\/rec-astrid-et-raphaelle-2\\\/\",\"name\":\"Astrid et Rapha\u00eblle - Maison de l&#039;Autisme\",\"isPartOf\":{\"@id\":\"https:\\\/\\\/lamaisondelautisme.ca\\\/#website\"},\"primaryImageOfPage\":{\"@id\":\"https:\\\/\\\/lamaisondelautisme.ca\\\/rec-astrid-et-raphaelle-2\\\/#primaryimage\"},\"image\":{\"@id\":\"https:\\\/\\\/lamaisondelautisme.ca\\\/rec-astrid-et-raphaelle-2\\\/#primaryimage\"},\"thumbnailUrl\":\"https:\\\/\\\/lamaisondelautisme.ca\\\/wp-content\\\/uploads\\\/2026\\\/01\\\/rec-Astrid-et-Raphaelle.jpg\",\"datePublished\":\"2026-01-13T06:23:17+00:00\",\"dateModified\":\"2026-01-13T07:27:05+00:00\",\"breadcrumb\":{\"@id\":\"https:\\\/\\\/lamaisondelautisme.ca\\\/rec-astrid-et-raphaelle-2\\\/#breadcrumb\"},\"inLanguage\":\"en-CA\",\"potentialAction\":[{\"@type\":\"ReadAction\",\"target\":[\"https:\\\/\\\/lamaisondelautisme.ca\\\/rec-astrid-et-raphaelle-2\\\/\"]}]},{\"@type\":\"ImageObject\",\"inLanguage\":\"en-CA\",\"@id\":\"https:\\\/\\\/lamaisondelautisme.ca\\\/rec-astrid-et-raphaelle-2\\\/#primaryimage\",\"url\":\"https:\\\/\\\/lamaisondelautisme.ca\\\/wp-content\\\/uploads\\\/2026\\\/01\\\/rec-Astrid-et-Raphaelle.jpg\",\"contentUrl\":\"https:\\\/\\\/lamaisondelautisme.ca\\\/wp-content\\\/uploads\\\/2026\\\/01\\\/rec-Astrid-et-Raphaelle.jpg\",\"width\":474,\"height\":266},{\"@type\":\"BreadcrumbList\",\"@id\":\"https:\\\/\\\/lamaisondelautisme.ca\\\/rec-astrid-et-raphaelle-2\\\/#breadcrumb\",\"itemListElement\":[{\"@type\":\"ListItem\",\"position\":1,\"name\":\"Accueil\",\"item\":\"https:\\\/\\\/lamaisondelautisme.ca\\\/\"},{\"@type\":\"ListItem\",\"position\":2,\"name\":\"Astrid et Rapha\u00eblle\"}]},{\"@type\":\"WebSite\",\"@id\":\"https:\\\/\\\/lamaisondelautisme.ca\\\/#website\",\"url\":\"https:\\\/\\\/lamaisondelautisme.ca\\\/\",\"name\":\"Maison de l'Autisme\",\"description\":\"Un espace par et pour les adultes autistes, leurs proches et leur communaut\u00e9.\",\"publisher\":{\"@id\":\"https:\\\/\\\/lamaisondelautisme.ca\\\/#organization\"},\"potentialAction\":[{\"@type\":\"SearchAction\",\"target\":{\"@type\":\"EntryPoint\",\"urlTemplate\":\"https:\\\/\\\/lamaisondelautisme.ca\\\/?s={search_term_string}\"},\"query-input\":{\"@type\":\"PropertyValueSpecification\",\"valueRequired\":true,\"valueName\":\"search_term_string\"}}],\"inLanguage\":\"en-CA\"},{\"@type\":\"Organization\",\"@id\":\"https:\\\/\\\/lamaisondelautisme.ca\\\/#organization\",\"name\":\"La Maison de l'Autisme\",\"alternateName\":\"Maison de l'autisme\",\"url\":\"https:\\\/\\\/lamaisondelautisme.ca\\\/\",\"logo\":{\"@type\":\"ImageObject\",\"inLanguage\":\"en-CA\",\"@id\":\"https:\\\/\\\/lamaisondelautisme.ca\\\/#\\\/schema\\\/logo\\\/image\\\/\",\"url\":\"https:\\\/\\\/lamaisondelautisme.ca\\\/wp-content\\\/uploads\\\/2025\\\/09\\\/MA-Logo_FR_Blue.png\",\"contentUrl\":\"https:\\\/\\\/lamaisondelautisme.ca\\\/wp-content\\\/uploads\\\/2025\\\/09\\\/MA-Logo_FR_Blue.png\",\"width\":3011,\"height\":1525,\"caption\":\"La Maison de l'Autisme\"},\"image\":{\"@id\":\"https:\\\/\\\/lamaisondelautisme.ca\\\/#\\\/schema\\\/logo\\\/image\\\/\"},\"sameAs\":[\"https:\\\/\\\/www.facebook.com\\\/lamaisondelautismeautismhouse\",\"https:\\\/\\\/www.youtube.com\\\/@maisondelautisme-autismhouse\",\"https:\\\/\\\/www.instagram.com\\\/maisondelautisme_autismhouse\\\/\",\"https:\\\/\\\/ca.linkedin.com\\\/company\\\/maison-de-l-autisme-autism-house\",\"https:\\\/\\\/www.threads.com\\\/@maisondelautisme_autismhouse?igshid=NTc4MTIwNjQ2YQ\"]}]}<\/script>\n<!-- \/ Yoast SEO plugin. -->","yoast_head_json":{"title":"Astrid et Rapha\u00eblle - Maison de l&#039;Autisme","robots":{"index":"index","follow":"follow","max-snippet":"max-snippet:-1","max-image-preview":"max-image-preview:large","max-video-preview":"max-video-preview:-1"},"canonical":"https:\/\/lamaisondelautisme.ca\/en\/rec-astrid-et-raphaelle-2\/","og_locale":"en_US","og_type":"article","og_title":"Astrid et Rapha\u00eblle - Maison de l&#039;Autisme","og_description":"Astrid et Rapha\u00eblle Suggestion de s\u00e9rie t\u00e9l\u00e9vis\u00e9e Astrid et Rapha\u00eblle est une s\u00e9rie t\u00e9l\u00e9vis\u00e9e polici\u00e8re compos\u00e9e d&rsquo;\u00e9pisodes de 52 minutes, cr\u00e9\u00e9e par Alexandre de Seguins et Laurent Burtin et diffus\u00e9e depuis le 12 avril 2019 sur France 2. La s\u00e9rie franco-belge est une coproduction de France T\u00e9l\u00e9visions, JLA Productions, Be-Films et la Radio-t\u00e9l\u00e9vision belge de [&hellip;]","og_url":"https:\/\/lamaisondelautisme.ca\/en\/rec-astrid-et-raphaelle-2\/","og_site_name":"Maison de l&#039;Autisme","article_publisher":"https:\/\/www.facebook.com\/lamaisondelautismeautismhouse","article_modified_time":"2026-01-13T07:27:05+00:00","og_image":[{"width":474,"height":266,"url":"https:\/\/lamaisondelautisme.ca\/wp-content\/uploads\/2026\/01\/rec-Astrid-et-Raphaelle.jpg","type":"image\/jpeg"}],"twitter_card":"summary_large_image","twitter_misc":{"Est. reading time":"1 minute"},"schema":{"@context":"https:\/\/schema.org","@graph":[{"@type":"WebPage","@id":"https:\/\/lamaisondelautisme.ca\/rec-astrid-et-raphaelle-2\/","url":"https:\/\/lamaisondelautisme.ca\/rec-astrid-et-raphaelle-2\/","name":"Astrid et Rapha\u00eblle - Maison de l&#039;Autisme","isPartOf":{"@id":"https:\/\/lamaisondelautisme.ca\/#website"},"primaryImageOfPage":{"@id":"https:\/\/lamaisondelautisme.ca\/rec-astrid-et-raphaelle-2\/#primaryimage"},"image":{"@id":"https:\/\/lamaisondelautisme.ca\/rec-astrid-et-raphaelle-2\/#primaryimage"},"thumbnailUrl":"https:\/\/lamaisondelautisme.ca\/wp-content\/uploads\/2026\/01\/rec-Astrid-et-Raphaelle.jpg","datePublished":"2026-01-13T06:23:17+00:00","dateModified":"2026-01-13T07:27:05+00:00","breadcrumb":{"@id":"https:\/\/lamaisondelautisme.ca\/rec-astrid-et-raphaelle-2\/#breadcrumb"},"inLanguage":"en-CA","potentialAction":[{"@type":"ReadAction","target":["https:\/\/lamaisondelautisme.ca\/rec-astrid-et-raphaelle-2\/"]}]},{"@type":"ImageObject","inLanguage":"en-CA","@id":"https:\/\/lamaisondelautisme.ca\/rec-astrid-et-raphaelle-2\/#primaryimage","url":"https:\/\/lamaisondelautisme.ca\/wp-content\/uploads\/2026\/01\/rec-Astrid-et-Raphaelle.jpg","contentUrl":"https:\/\/lamaisondelautisme.ca\/wp-content\/uploads\/2026\/01\/rec-Astrid-et-Raphaelle.jpg","width":474,"height":266},{"@type":"BreadcrumbList","@id":"https:\/\/lamaisondelautisme.ca\/rec-astrid-et-raphaelle-2\/#breadcrumb","itemListElement":[{"@type":"ListItem","position":1,"name":"Accueil","item":"https:\/\/lamaisondelautisme.ca\/"},{"@type":"ListItem","position":2,"name":"Astrid et Rapha\u00eblle"}]},{"@type":"WebSite","@id":"https:\/\/lamaisondelautisme.ca\/#website","url":"https:\/\/lamaisondelautisme.ca\/","name":"Maison de l'Autisme","description":"Un espace par et pour les adultes autistes, leurs proches et leur communaut\u00e9.","publisher":{"@id":"https:\/\/lamaisondelautisme.ca\/#organization"},"potentialAction":[{"@type":"SearchAction","target":{"@type":"EntryPoint","urlTemplate":"https:\/\/lamaisondelautisme.ca\/?s={search_term_string}"},"query-input":{"@type":"PropertyValueSpecification","valueRequired":true,"valueName":"search_term_string"}}],"inLanguage":"en-CA"},{"@type":"Organization","@id":"https:\/\/lamaisondelautisme.ca\/#organization","name":"La Maison de l'Autisme","alternateName":"Maison de l'autisme","url":"https:\/\/lamaisondelautisme.ca\/","logo":{"@type":"ImageObject","inLanguage":"en-CA","@id":"https:\/\/lamaisondelautisme.ca\/#\/schema\/logo\/image\/","url":"https:\/\/lamaisondelautisme.ca\/wp-content\/uploads\/2025\/09\/MA-Logo_FR_Blue.png","contentUrl":"https:\/\/lamaisondelautisme.ca\/wp-content\/uploads\/2025\/09\/MA-Logo_FR_Blue.png","width":3011,"height":1525,"caption":"La Maison de l'Autisme"},"image":{"@id":"https:\/\/lamaisondelautisme.ca\/#\/schema\/logo\/image\/"},"sameAs":["https:\/\/www.facebook.com\/lamaisondelautismeautismhouse","https:\/\/www.youtube.com\/@maisondelautisme-autismhouse","https:\/\/www.instagram.com\/maisondelautisme_autismhouse\/","https:\/\/ca.linkedin.com\/company\/maison-de-l-autisme-autism-house","https:\/\/www.threads.com\/@maisondelautisme_autismhouse?igshid=NTc4MTIwNjQ2YQ"]}]}},"campaignId":"0","spectra_custom_meta":{"_uagb_previous_block_counts":["a:90:{s:21:\"uagb\/advanced-heading\";i:3;s:15:\"uagb\/blockquote\";i:0;s:12:\"uagb\/buttons\";i:0;s:18:\"uagb\/buttons-child\";i:0;s:19:\"uagb\/call-to-action\";i:0;s:15:\"uagb\/cf7-styler\";i:0;s:11:\"uagb\/column\";i:0;s:12:\"uagb\/columns\";i:0;s:14:\"uagb\/container\";i:0;s:21:\"uagb\/content-timeline\";i:0;s:27:\"uagb\/content-timeline-child\";i:0;s:14:\"uagb\/countdown\";i:0;s:12:\"uagb\/counter\";i:0;s:8:\"uagb\/faq\";i:0;s:14:\"uagb\/faq-child\";i:0;s:10:\"uagb\/forms\";i:0;s:17:\"uagb\/forms-accept\";i:0;s:19:\"uagb\/forms-checkbox\";i:0;s:15:\"uagb\/forms-date\";i:0;s:16:\"uagb\/forms-email\";i:0;s:17:\"uagb\/forms-hidden\";i:0;s:15:\"uagb\/forms-name\";i:0;s:16:\"uagb\/forms-phone\";i:0;s:16:\"uagb\/forms-radio\";i:0;s:17:\"uagb\/forms-select\";i:0;s:19:\"uagb\/forms-textarea\";i:0;s:17:\"uagb\/forms-toggle\";i:0;s:14:\"uagb\/forms-url\";i:0;s:14:\"uagb\/gf-styler\";i:0;s:15:\"uagb\/google-map\";i:0;s:11:\"uagb\/how-to\";i:0;s:16:\"uagb\/how-to-step\";i:0;s:9:\"uagb\/icon\";i:0;s:14:\"uagb\/icon-list\";i:0;s:20:\"uagb\/icon-list-child\";i:0;s:10:\"uagb\/image\";i:0;s:18:\"uagb\/image-gallery\";i:0;s:13:\"uagb\/info-box\";i:0;s:18:\"uagb\/inline-notice\";i:0;s:11:\"uagb\/lottie\";i:0;s:21:\"uagb\/marketing-button\";i:0;s:10:\"uagb\/modal\";i:0;s:18:\"uagb\/popup-builder\";i:0;s:16:\"uagb\/post-button\";i:0;s:18:\"uagb\/post-carousel\";i:0;s:17:\"uagb\/post-excerpt\";i:0;s:14:\"uagb\/post-grid\";i:0;s:15:\"uagb\/post-image\";i:0;s:17:\"uagb\/post-masonry\";i:0;s:14:\"uagb\/post-meta\";i:0;s:18:\"uagb\/post-taxonomy\";i:0;s:18:\"uagb\/post-timeline\";i:0;s:15:\"uagb\/post-title\";i:0;s:20:\"uagb\/restaurant-menu\";i:0;s:26:\"uagb\/restaurant-menu-child\";i:0;s:11:\"uagb\/review\";i:0;s:12:\"uagb\/section\";i:0;s:14:\"uagb\/separator\";i:6;s:11:\"uagb\/slider\";i:0;s:17:\"uagb\/slider-child\";i:0;s:17:\"uagb\/social-share\";i:0;s:23:\"uagb\/social-share-child\";i:0;s:16:\"uagb\/star-rating\";i:0;s:23:\"uagb\/sure-cart-checkout\";i:0;s:22:\"uagb\/sure-cart-product\";i:0;s:15:\"uagb\/sure-forms\";i:0;s:22:\"uagb\/table-of-contents\";i:0;s:9:\"uagb\/tabs\";i:0;s:15:\"uagb\/tabs-child\";i:0;s:18:\"uagb\/taxonomy-list\";i:0;s:9:\"uagb\/team\";i:0;s:16:\"uagb\/testimonial\";i:0;s:14:\"uagb\/wp-search\";i:0;s:19:\"uagb\/instagram-feed\";i:0;s:10:\"uagb\/login\";i:0;s:17:\"uagb\/loop-builder\";i:0;s:18:\"uagb\/loop-category\";i:0;s:20:\"uagb\/loop-pagination\";i:0;s:15:\"uagb\/loop-reset\";i:0;s:16:\"uagb\/loop-search\";i:0;s:14:\"uagb\/loop-sort\";i:0;s:17:\"uagb\/loop-wrapper\";i:0;s:13:\"uagb\/register\";i:0;s:19:\"uagb\/register-email\";i:0;s:24:\"uagb\/register-first-name\";i:0;s:23:\"uagb\/register-last-name\";i:0;s:22:\"uagb\/register-password\";i:0;s:30:\"uagb\/register-reenter-password\";i:0;s:19:\"uagb\/register-terms\";i:0;s:22:\"uagb\/register-username\";i:0;}"],"_thumbnail_id":["3303"],"_wp_page_template":["wp-custom-template-pages-entraide"],"give_campaign_id":["0"],"_uag_custom_page_level_css":[""],"footnotes":[""],"_last_editor_used_jetpack":["block-editor"],"_uag_css_file_name":["uag-css-3302.css"],"_uagb_last_spectra_edit":["1776752303"],"_uag_page_assets":["a:9:{s:3:\"css\";s:20610:\".wp-block-uagb-image{display:flex}.wp-block-uagb-image__figure{position:relative;display:flex;flex-direction:column;max-width:100%;height:auto;margin:0}.wp-block-uagb-image__figure img{height:auto;display:flex;max-width:100%;transition:box-shadow .2s ease}.wp-block-uagb-image__figure>a{display:inline-block}.wp-block-uagb-image__figure figcaption{text-align:center;margin-top:.5em;margin-bottom:1em}.wp-block-uagb-image .components-placeholder.block-editor-media-placeholder .components-placeholder__instructions{align-self:center}.wp-block-uagb-image--align-left{text-align:left}.wp-block-uagb-image--align-right{text-align:right}.wp-block-uagb-image--align-center{text-align:center}.wp-block-uagb-image--align-full .wp-block-uagb-image__figure{margin-left:calc(50% - 50vw);margin-right:calc(50% - 50vw);max-width:100vw;width:100vw;height:auto}.wp-block-uagb-image--align-full .wp-block-uagb-image__figure img{height:auto;width:100% !important}.wp-block-uagb-image--align-wide .wp-block-uagb-image__figure img{height:auto;width:100%}.wp-block-uagb-image--layout-overlay__color-wrapper{position:absolute;left:0;top:0;right:0;bottom:0;opacity:.2;background:rgba(0,0,0,.5);transition:opacity .35s ease-in-out}.wp-block-uagb-image--layout-overlay-link{position:absolute;left:0;right:0;bottom:0;top:0}.wp-block-uagb-image--layout-overlay .wp-block-uagb-image__figure:hover .wp-block-uagb-image--layout-overlay__color-wrapper{opacity:1}.wp-block-uagb-image--layout-overlay__inner{position:absolute;left:15px;right:15px;bottom:15px;top:15px;display:flex;align-items:center;justify-content:center;flex-direction:column;border-color:#fff;transition:.35s ease-in-out}.wp-block-uagb-image--layout-overlay__inner.top-left,.wp-block-uagb-image--layout-overlay__inner.top-center,.wp-block-uagb-image--layout-overlay__inner.top-right{justify-content:flex-start}.wp-block-uagb-image--layout-overlay__inner.bottom-left,.wp-block-uagb-image--layout-overlay__inner.bottom-center,.wp-block-uagb-image--layout-overlay__inner.bottom-right{justify-content:flex-end}.wp-block-uagb-image--layout-overlay__inner.top-left,.wp-block-uagb-image--layout-overlay__inner.center-left,.wp-block-uagb-image--layout-overlay__inner.bottom-left{align-items:flex-start}.wp-block-uagb-image--layout-overlay__inner.top-right,.wp-block-uagb-image--layout-overlay__inner.center-right,.wp-block-uagb-image--layout-overlay__inner.bottom-right{align-items:flex-end}.wp-block-uagb-image--layout-overlay__inner .uagb-image-heading{color:#fff;transition:transform .35s,opacity .35s ease-in-out;transform:translate3d(0, 24px, 0);margin:0;line-height:1em}.wp-block-uagb-image--layout-overlay__inner .uagb-image-separator{width:30%;border-top-width:2px;border-top-color:#fff;border-top-style:solid;margin-bottom:10px;opacity:0;transition:transform .4s,opacity .4s ease-in-out;transform:translate3d(0, 30px, 0)}.wp-block-uagb-image--layout-overlay__inner .uagb-image-caption{opacity:0;overflow:visible;color:#fff;transition:transform .45s,opacity .45s ease-in-out;transform:translate3d(0, 35px, 0)}.wp-block-uagb-image--layout-overlay__inner:hover .uagb-image-heading,.wp-block-uagb-image--layout-overlay__inner:hover .uagb-image-separator,.wp-block-uagb-image--layout-overlay__inner:hover .uagb-image-caption{opacity:1;transform:translate3d(0, 0, 0)}.wp-block-uagb-image--effect-zoomin .wp-block-uagb-image__figure img,.wp-block-uagb-image--effect-zoomin .wp-block-uagb-image__figure .wp-block-uagb-image--layout-overlay__color-wrapper{transform:scale(1);transition:transform .35s ease-in-out}.wp-block-uagb-image--effect-zoomin .wp-block-uagb-image__figure:hover img,.wp-block-uagb-image--effect-zoomin .wp-block-uagb-image__figure:hover .wp-block-uagb-image--layout-overlay__color-wrapper{transform:scale(1.05)}.wp-block-uagb-image--effect-slide .wp-block-uagb-image__figure img,.wp-block-uagb-image--effect-slide .wp-block-uagb-image__figure .wp-block-uagb-image--layout-overlay__color-wrapper{width:calc(100% + 40px) !important;max-width:none !important;transform:translate3d(-40px, 0, 0);transition:transform .35s ease-in-out}.wp-block-uagb-image--effect-slide .wp-block-uagb-image__figure:hover img,.wp-block-uagb-image--effect-slide .wp-block-uagb-image__figure:hover .wp-block-uagb-image--layout-overlay__color-wrapper{transform:translate3d(0, 0, 0)}.wp-block-uagb-image--effect-grayscale img{filter:grayscale(0%);transition:.35s ease-in-out}.wp-block-uagb-image--effect-grayscale:hover img{filter:grayscale(100%)}.wp-block-uagb-image--effect-blur img{filter:blur(0);transition:.35s ease-in-out}.wp-block-uagb-image--effect-blur:hover img{filter:blur(3px)}.uagb-block-f24e354c.wp-block-uagb-image--layout-default figure img{box-shadow: 0px 0px 0 #00000070;}.uagb-block-f24e354c.wp-block-uagb-image .wp-block-uagb-image__figure figcaption{font-style: normal;align-self: center;}.uagb-block-f24e354c.wp-block-uagb-image--layout-overlay figure img{box-shadow: 0px 0px 0 #00000070;}.uagb-block-f24e354c.wp-block-uagb-image--layout-overlay .wp-block-uagb-image--layout-overlay__color-wrapper{opacity: 0.2;}.uagb-block-f24e354c.wp-block-uagb-image--layout-overlay .wp-block-uagb-image--layout-overlay__inner{left: 15px;right: 15px;top: 15px;bottom: 15px;}.uagb-block-f24e354c.wp-block-uagb-image--layout-overlay .wp-block-uagb-image--layout-overlay__inner .uagb-image-heading{font-style: normal;color: #fff;opacity: 1;}.uagb-block-f24e354c.wp-block-uagb-image--layout-overlay .wp-block-uagb-image--layout-overlay__inner .uagb-image-heading a{color: #fff;}.uagb-block-f24e354c.wp-block-uagb-image--layout-overlay .wp-block-uagb-image--layout-overlay__inner .uagb-image-caption{opacity: 0;}.uagb-block-f24e354c.wp-block-uagb-image--layout-overlay .wp-block-uagb-image__figure:hover .wp-block-uagb-image--layout-overlay__color-wrapper{opacity: 1;}.uagb-block-f24e354c.wp-block-uagb-image .wp-block-uagb-image--layout-overlay__inner .uagb-image-separator{width: 30%;border-top-width: 2px;border-top-color: #fff;opacity: 0;}.uagb-block-f24e354c.wp-block-uagb-image .wp-block-uagb-image__figure img{width: 100px;height: 100px;}.uagb-block-f24e354c.wp-block-uagb-image .wp-block-uagb-image__figure:hover .wp-block-uagb-image--layout-overlay__inner .uagb-image-caption{opacity: 1;}.uagb-block-f24e354c.wp-block-uagb-image .wp-block-uagb-image__figure:hover .wp-block-uagb-image--layout-overlay__inner .uagb-image-separator{opacity: 1;}.uagb-block-f24e354c.wp-block-uagb-image--layout-default figure:hover img{box-shadow: 0px 0px 0 #00000070;}.uagb-block-f24e354c.wp-block-uagb-image--layout-overlay figure:hover img{box-shadow: 0px 0px 0 #00000070;}@media only screen and (max-width: 976px) {.uagb-block-f24e354c.wp-block-uagb-image .wp-block-uagb-image__figure img{width: 100px;height: auto;}}@media only screen and (max-width: 767px) {.uagb-block-f24e354c.wp-block-uagb-image .wp-block-uagb-image__figure img{width: 100px;height: auto;}}.uag-blocks-common-selector{z-index:var(--z-index-desktop) !important}@media(max-width: 976px){.uag-blocks-common-selector{z-index:var(--z-index-tablet) !important}}@media(max-width: 767px){.uag-blocks-common-selector{z-index:var(--z-index-mobile) !important}}.wp-block-uagb-advanced-heading h1,.wp-block-uagb-advanced-heading h2,.wp-block-uagb-advanced-heading h3,.wp-block-uagb-advanced-heading h4,.wp-block-uagb-advanced-heading h5,.wp-block-uagb-advanced-heading h6,.wp-block-uagb-advanced-heading p,.wp-block-uagb-advanced-heading div{word-break:break-word}.wp-block-uagb-advanced-heading .uagb-heading-text{margin:0}.wp-block-uagb-advanced-heading .uagb-desc-text{margin:0}.wp-block-uagb-advanced-heading .uagb-separator{font-size:0;border-top-style:solid;display:inline-block;margin:0 0 10px 0}.wp-block-uagb-advanced-heading .uagb-highlight{color:#f78a0c;border:0;transition:all .3s ease}.uag-highlight-toolbar{border-left:0;border-top:0;border-bottom:0;border-radius:0;border-right-color:#1e1e1e}.uag-highlight-toolbar .components-button{border-radius:0;outline:none}.uag-highlight-toolbar .components-button.is-primary{color:#fff}.wp-block-uagb-separator{text-align:center;box-sizing:border-box;line-height:0}.wp-block-uagb-separator__inner{display:inline-block}.wp-block-uagb-separator:not(.wp-block-uagb-separator--text):not(.wp-block-uagb-separator--icon) .wp-block-uagb-separator__inner{border-top-style:solid;-webkit-mask:var(--my-background-image);-webkit-mask-size:38px 100%;-webkit-mask-repeat:repeat-x}.wp-block-uagb-separator--text .wp-block-uagb-separator__inner,.wp-block-uagb-separator--icon .wp-block-uagb-separator__inner{display:flex;justify-content:center;align-items:center;margin:0 auto}.wp-block-uagb-separator--text .wp-block-uagb-separator__inner::before,.wp-block-uagb-separator--icon .wp-block-uagb-separator__inner::before{display:block;content:\"\";border-bottom:0;flex-grow:1;border-top-color:#333;border-top-style:solid;-webkit-mask:var(--my-background-image);-webkit-mask-size:38px 100%;-webkit-mask-repeat:repeat-x}.wp-block-uagb-separator--text .wp-block-uagb-separator__inner::after,.wp-block-uagb-separator--icon .wp-block-uagb-separator__inner::after{display:block;content:\"\";border-bottom:0;flex-grow:1;border-top-color:#333;border-top-style:solid;-webkit-mask:var(--my-background-image);-webkit-mask-size:38px 100%;-webkit-mask-repeat:repeat-x}.wp-block-uagb-separator--icon .wp-block-uagb-separator-element svg{font-size:30px;color:#333;fill:#333;width:30px;height:30px;line-height:30px;max-width:none}.wp-block-uagb-separator--text .wp-block-uagb-separator-element .uagb-html-tag{word-break:initial;margin:0}.wp-block-uagb-advanced-heading.uagb-block-0397f6ef.wp-block-uagb-advanced-heading {text-align: center;}.wp-block-uagb-advanced-heading.uagb-block-0397f6ef.wp-block-uagb-advanced-heading .uagb-desc-text{margin-bottom: 15px;}.wp-block-uagb-advanced-heading.uagb-block-0397f6ef.wp-block-uagb-advanced-heading .uagb-highlight{font-style: normal;font-weight: Default;background: #007cba;color: #fff;-webkit-text-fill-color: #fff;}.wp-block-uagb-advanced-heading.uagb-block-0397f6ef.wp-block-uagb-advanced-heading .uagb-highlight::-moz-selection{color: #fff;background: #007cba;-webkit-text-fill-color: #fff;}.wp-block-uagb-advanced-heading.uagb-block-0397f6ef.wp-block-uagb-advanced-heading .uagb-highlight::selection{color: #fff;background: #007cba;-webkit-text-fill-color: #fff;}.uagb-block-736f9d4f.wp-block-uagb-separator{text-align: center;}.uagb-block-736f9d4f.wp-block-uagb-separator--text .wp-block-uagb-separator-element .uagb-html-tag{font-style: normal;line-height: 1em;}.uagb-block-736f9d4f.wp-block-uagb-separator:not(.wp-block-uagb-separator--text):not(.wp-block-uagb-separator--icon) .wp-block-uagb-separator__inner{-webkit-mask-size: 5px 100%;border-top-width: 3px;width: 100%;border-top-style: none;margin-top: 5px;margin-bottom: 5px;}.uagb-block-e74339aa.wp-block-uagb-separator{text-align: center;}.uagb-block-e74339aa.wp-block-uagb-separator--text .wp-block-uagb-separator-element .uagb-html-tag{font-style: normal;line-height: 1em;}.uagb-block-e74339aa.wp-block-uagb-separator:not(.wp-block-uagb-separator--text):not(.wp-block-uagb-separator--icon) .wp-block-uagb-separator__inner{-webkit-mask-size: 5px 100%;border-top-width: 30px;width: 100%;border-top-color: #26764c;border-top-style: solid;margin-top: 5px;margin-bottom: 5px;}.uagb-block-e76ad392.wp-block-uagb-separator{text-align: center;}.uagb-block-e76ad392.wp-block-uagb-separator--text .wp-block-uagb-separator-element .uagb-html-tag{font-style: normal;line-height: 1em;}.uagb-block-e76ad392.wp-block-uagb-separator:not(.wp-block-uagb-separator--text):not(.wp-block-uagb-separator--icon) .wp-block-uagb-separator__inner{-webkit-mask-size: 5px 100%;border-top-width: 3px;width: 100%;border-top-style: none;margin-top: 5px;margin-bottom: 5px;}.wp-block-uagb-advanced-heading.uagb-block-3dcc99e4.wp-block-uagb-advanced-heading {text-align: center;}.wp-block-uagb-advanced-heading.uagb-block-3dcc99e4.wp-block-uagb-advanced-heading .uagb-desc-text{margin-bottom: 15px;}.wp-block-uagb-advanced-heading.uagb-block-3dcc99e4.wp-block-uagb-advanced-heading .uagb-highlight{font-style: normal;font-weight: Default;background: #007cba;color: #fff;-webkit-text-fill-color: #fff;}.wp-block-uagb-advanced-heading.uagb-block-3dcc99e4.wp-block-uagb-advanced-heading .uagb-highlight::-moz-selection{color: #fff;background: #007cba;-webkit-text-fill-color: #fff;}.wp-block-uagb-advanced-heading.uagb-block-3dcc99e4.wp-block-uagb-advanced-heading .uagb-highlight::selection{color: #fff;background: #007cba;-webkit-text-fill-color: #fff;}.uagb-block-926e8ceb.wp-block-uagb-separator{text-align: center;}.uagb-block-926e8ceb.wp-block-uagb-separator--text .wp-block-uagb-separator-element .uagb-html-tag{font-style: normal;line-height: 1em;}.uagb-block-926e8ceb.wp-block-uagb-separator:not(.wp-block-uagb-separator--text):not(.wp-block-uagb-separator--icon) .wp-block-uagb-separator__inner{-webkit-mask-size: 5px 100%;border-top-width: 3px;width: 100%;border-top-style: none;margin-top: 5px;margin-bottom: 5px;}.uagb-block-58863664.wp-block-uagb-separator{text-align: center;}.uagb-block-58863664.wp-block-uagb-separator--text .wp-block-uagb-separator-element .uagb-html-tag{font-style: normal;line-height: 1em;}.uagb-block-58863664.wp-block-uagb-separator:not(.wp-block-uagb-separator--text):not(.wp-block-uagb-separator--icon) .wp-block-uagb-separator__inner{-webkit-mask-size: 5px 100%;border-top-width: 30px;width: 100%;border-top-color: #26764c;border-top-style: solid;margin-top: 5px;margin-bottom: 5px;}.uagb-block-88669cc3.wp-block-uagb-separator{text-align: center;}.uagb-block-88669cc3.wp-block-uagb-separator--text .wp-block-uagb-separator-element .uagb-html-tag{font-style: normal;line-height: 1em;}.uagb-block-88669cc3.wp-block-uagb-separator:not(.wp-block-uagb-separator--text):not(.wp-block-uagb-separator--icon) .wp-block-uagb-separator__inner{-webkit-mask-size: 5px 100%;border-top-width: 3px;width: 100%;border-top-style: none;margin-top: 5px;margin-bottom: 5px;}.wp-block-uagb-advanced-heading.uagb-block-092a03fd.wp-block-uagb-advanced-heading {text-align: center;}.wp-block-uagb-advanced-heading.uagb-block-092a03fd.wp-block-uagb-advanced-heading .uagb-desc-text{margin-bottom: 15px;}.wp-block-uagb-advanced-heading.uagb-block-092a03fd.wp-block-uagb-advanced-heading .uagb-highlight{font-style: normal;font-weight: Default;background: #007cba;color: #fff;-webkit-text-fill-color: #fff;}.wp-block-uagb-advanced-heading.uagb-block-092a03fd.wp-block-uagb-advanced-heading .uagb-highlight::-moz-selection{color: #fff;background: #007cba;-webkit-text-fill-color: #fff;}.wp-block-uagb-advanced-heading.uagb-block-092a03fd.wp-block-uagb-advanced-heading .uagb-highlight::selection{color: #fff;background: #007cba;-webkit-text-fill-color: #fff;}@media only screen and (max-width: 976px) {.uagb-block-736f9d4f.wp-block-uagb-separator{text-align: center;}.uagb-block-736f9d4f.wp-block-uagb-separator--text .wp-block-uagb-separator-element .uagb-html-tag{font-style: normal;margin-bottom: initial;line-height: 1em;}.uagb-block-736f9d4f.wp-block-uagb-separator:not(.wp-block-uagb-separator--text):not(.wp-block-uagb-separator--icon) .wp-block-uagb-separator__inner{-webkit-mask-size: 5px 100%;width: 100%;border-top-style: none;margin-top: 5px;margin-bottom: 5px;}.uagb-block-e74339aa.wp-block-uagb-separator{text-align: center;}.uagb-block-e74339aa.wp-block-uagb-separator--text .wp-block-uagb-separator-element .uagb-html-tag{font-style: normal;margin-bottom: initial;line-height: 1em;}.uagb-block-e74339aa.wp-block-uagb-separator:not(.wp-block-uagb-separator--text):not(.wp-block-uagb-separator--icon) .wp-block-uagb-separator__inner{-webkit-mask-size: 5px 100%;width: 100%;border-top-color: #26764c;border-top-style: solid;margin-top: 5px;margin-bottom: 5px;}.uagb-block-e76ad392.wp-block-uagb-separator{text-align: center;}.uagb-block-e76ad392.wp-block-uagb-separator--text .wp-block-uagb-separator-element .uagb-html-tag{font-style: normal;margin-bottom: initial;line-height: 1em;}.uagb-block-e76ad392.wp-block-uagb-separator:not(.wp-block-uagb-separator--text):not(.wp-block-uagb-separator--icon) .wp-block-uagb-separator__inner{-webkit-mask-size: 5px 100%;width: 100%;border-top-style: none;margin-top: 5px;margin-bottom: 5px;}.uagb-block-926e8ceb.wp-block-uagb-separator{text-align: center;}.uagb-block-926e8ceb.wp-block-uagb-separator--text .wp-block-uagb-separator-element .uagb-html-tag{font-style: normal;margin-bottom: initial;line-height: 1em;}.uagb-block-926e8ceb.wp-block-uagb-separator:not(.wp-block-uagb-separator--text):not(.wp-block-uagb-separator--icon) .wp-block-uagb-separator__inner{-webkit-mask-size: 5px 100%;width: 100%;border-top-style: none;margin-top: 5px;margin-bottom: 5px;}.uagb-block-58863664.wp-block-uagb-separator{text-align: center;}.uagb-block-58863664.wp-block-uagb-separator--text .wp-block-uagb-separator-element .uagb-html-tag{font-style: normal;margin-bottom: initial;line-height: 1em;}.uagb-block-58863664.wp-block-uagb-separator:not(.wp-block-uagb-separator--text):not(.wp-block-uagb-separator--icon) .wp-block-uagb-separator__inner{-webkit-mask-size: 5px 100%;width: 100%;border-top-color: #26764c;border-top-style: solid;margin-top: 5px;margin-bottom: 5px;}.uagb-block-88669cc3.wp-block-uagb-separator{text-align: center;}.uagb-block-88669cc3.wp-block-uagb-separator--text .wp-block-uagb-separator-element .uagb-html-tag{font-style: normal;margin-bottom: initial;line-height: 1em;}.uagb-block-88669cc3.wp-block-uagb-separator:not(.wp-block-uagb-separator--text):not(.wp-block-uagb-separator--icon) .wp-block-uagb-separator__inner{-webkit-mask-size: 5px 100%;width: 100%;border-top-style: none;margin-top: 5px;margin-bottom: 5px;}}@media only screen and (max-width: 767px) {.uagb-block-736f9d4f.wp-block-uagb-separator{text-align: center;}.uagb-block-736f9d4f.wp-block-uagb-separator--text .wp-block-uagb-separator-element .uagb-html-tag{font-style: normal;margin-bottom: initial;line-height: 1em;}.uagb-block-736f9d4f.wp-block-uagb-separator:not(.wp-block-uagb-separator--text):not(.wp-block-uagb-separator--icon) .wp-block-uagb-separator__inner{-webkit-mask-size: 5px 100%;width: 100%;border-top-style: none;margin-top: 5px;margin-bottom: 5px;}.uagb-block-e74339aa.wp-block-uagb-separator{text-align: center;}.uagb-block-e74339aa.wp-block-uagb-separator--text .wp-block-uagb-separator-element .uagb-html-tag{font-style: normal;margin-bottom: initial;line-height: 1em;}.uagb-block-e74339aa.wp-block-uagb-separator:not(.wp-block-uagb-separator--text):not(.wp-block-uagb-separator--icon) .wp-block-uagb-separator__inner{-webkit-mask-size: 5px 100%;width: 100%;border-top-color: #26764c;border-top-style: solid;margin-top: 5px;margin-bottom: 5px;}.uagb-block-e76ad392.wp-block-uagb-separator{text-align: center;}.uagb-block-e76ad392.wp-block-uagb-separator--text .wp-block-uagb-separator-element .uagb-html-tag{font-style: normal;margin-bottom: initial;line-height: 1em;}.uagb-block-e76ad392.wp-block-uagb-separator:not(.wp-block-uagb-separator--text):not(.wp-block-uagb-separator--icon) .wp-block-uagb-separator__inner{-webkit-mask-size: 5px 100%;width: 100%;border-top-style: none;margin-top: 5px;margin-bottom: 5px;}.uagb-block-926e8ceb.wp-block-uagb-separator{text-align: center;}.uagb-block-926e8ceb.wp-block-uagb-separator--text .wp-block-uagb-separator-element .uagb-html-tag{font-style: normal;margin-bottom: initial;line-height: 1em;}.uagb-block-926e8ceb.wp-block-uagb-separator:not(.wp-block-uagb-separator--text):not(.wp-block-uagb-separator--icon) .wp-block-uagb-separator__inner{-webkit-mask-size: 5px 100%;width: 100%;border-top-style: none;margin-top: 5px;margin-bottom: 5px;}.uagb-block-58863664.wp-block-uagb-separator{text-align: center;}.uagb-block-58863664.wp-block-uagb-separator--text .wp-block-uagb-separator-element .uagb-html-tag{font-style: normal;margin-bottom: initial;line-height: 1em;}.uagb-block-58863664.wp-block-uagb-separator:not(.wp-block-uagb-separator--text):not(.wp-block-uagb-separator--icon) .wp-block-uagb-separator__inner{-webkit-mask-size: 5px 100%;width: 100%;border-top-color: #26764c;border-top-style: solid;margin-top: 5px;margin-bottom: 5px;}.uagb-block-88669cc3.wp-block-uagb-separator{text-align: center;}.uagb-block-88669cc3.wp-block-uagb-separator--text .wp-block-uagb-separator-element .uagb-html-tag{font-style: normal;margin-bottom: initial;line-height: 1em;}.uagb-block-88669cc3.wp-block-uagb-separator:not(.wp-block-uagb-separator--text):not(.wp-block-uagb-separator--icon) .wp-block-uagb-separator__inner{-webkit-mask-size: 5px 100%;width: 100%;border-top-style: none;margin-top: 5px;margin-bottom: 5px;}}\";s:2:\"js\";s:0:\"\";s:18:\"current_block_list\";a:24:{i:0;s:10:\"core\/group\";i:3;s:14:\"core\/site-logo\";i:5;s:15:\"core\/navigation\";i:6;s:17:\"core\/post-content\";i:12;s:14:\"core\/paragraph\";i:13;s:10:\"core\/image\";i:14;s:14:\"core\/separator\";i:15;s:12:\"core\/columns\";i:16;s:11:\"core\/column\";i:18;s:12:\"core\/heading\";i:19;s:10:\"uagb\/image\";i:21;s:17:\"core\/social-links\";i:22;s:16:\"core\/social-link\";i:23;s:21:\"uagb\/advanced-heading\";i:24;s:14:\"uagb\/separator\";i:25;s:15:\"core\/media-text\";i:26;s:14:\"a8c\/blog-posts\";i:27;s:12:\"core\/details\";i:28;s:36:\"contact-form-7\/contact-form-selector\";i:29;s:11:\"core\/search\";i:30;s:17:\"core\/latest-posts\";i:31;s:20:\"core\/latest-comments\";i:32;s:13:\"core\/archives\";i:33;s:15:\"core\/categories\";}s:8:\"uag_flag\";b:1;s:11:\"uag_version\";s:10:\"1777191261\";s:6:\"gfonts\";a:1:{s:7:\"Default\";a:2:{s:10:\"fontfamily\";s:7:\"Default\";s:12:\"fontvariants\";a:0:{}}}s:10:\"gfonts_url\";s:71:\"\/\/fonts.googleapis.com\/css?family=Default&subset=latin&display=fallback\";s:12:\"gfonts_files\";a:0:{}s:14:\"uag_faq_layout\";b:0;}"]},"uagb_featured_image_src":{"full":["https:\/\/lamaisondelautisme.ca\/wp-content\/uploads\/2026\/01\/rec-Astrid-et-Raphaelle.jpg",474,266,false],"thumbnail":["https:\/\/lamaisondelautisme.ca\/wp-content\/uploads\/2026\/01\/rec-Astrid-et-Raphaelle-150x84.jpg",150,84,true],"medium":["https:\/\/lamaisondelautisme.ca\/wp-content\/uploads\/2026\/01\/rec-Astrid-et-Raphaelle-300x168.jpg",300,168,true],"medium_large":["https:\/\/lamaisondelautisme.ca\/wp-content\/uploads\/2026\/01\/rec-Astrid-et-Raphaelle.jpg",474,266,false],"large":["https:\/\/lamaisondelautisme.ca\/wp-content\/uploads\/2026\/01\/rec-Astrid-et-Raphaelle.jpg",474,266,false],"1536x1536":["https:\/\/lamaisondelautisme.ca\/wp-content\/uploads\/2026\/01\/rec-Astrid-et-Raphaelle.jpg",474,266,false],"2048x2048":["https:\/\/lamaisondelautisme.ca\/wp-content\/uploads\/2026\/01\/rec-Astrid-et-Raphaelle.jpg",474,266,false],"trp-custom-language-flag":["https:\/\/lamaisondelautisme.ca\/wp-content\/uploads\/2026\/01\/rec-Astrid-et-Raphaelle-18x10.jpg",18,10,true],"newspack-article-block-landscape-large":["https:\/\/lamaisondelautisme.ca\/wp-content\/uploads\/2026\/01\/rec-Astrid-et-Raphaelle.jpg",474,266,false],"newspack-article-block-portrait-large":["https:\/\/lamaisondelautisme.ca\/wp-content\/uploads\/2026\/01\/rec-Astrid-et-Raphaelle.jpg",474,266,false],"newspack-article-block-square-large":["https:\/\/lamaisondelautisme.ca\/wp-content\/uploads\/2026\/01\/rec-Astrid-et-Raphaelle.jpg",474,266,false],"newspack-article-block-landscape-medium":["https:\/\/lamaisondelautisme.ca\/wp-content\/uploads\/2026\/01\/rec-Astrid-et-Raphaelle.jpg",474,266,false],"newspack-article-block-portrait-medium":["https:\/\/lamaisondelautisme.ca\/wp-content\/uploads\/2026\/01\/rec-Astrid-et-Raphaelle.jpg",474,266,false],"newspack-article-block-square-medium":["https:\/\/lamaisondelautisme.ca\/wp-content\/uploads\/2026\/01\/rec-Astrid-et-Raphaelle.jpg",474,266,false],"newspack-article-block-landscape-intermediate":["https:\/\/lamaisondelautisme.ca\/wp-content\/uploads\/2026\/01\/rec-Astrid-et-Raphaelle.jpg",474,266,false],"newspack-article-block-portrait-intermediate":["https:\/\/lamaisondelautisme.ca\/wp-content\/uploads\/2026\/01\/rec-Astrid-et-Raphaelle.jpg",450,253,false],"newspack-article-block-square-intermediate":["https:\/\/lamaisondelautisme.ca\/wp-content\/uploads\/2026\/01\/rec-Astrid-et-Raphaelle.jpg",474,266,false],"newspack-article-block-landscape-small":["https:\/\/lamaisondelautisme.ca\/wp-content\/uploads\/2026\/01\/rec-Astrid-et-Raphaelle.jpg",400,224,false],"newspack-article-block-portrait-small":["https:\/\/lamaisondelautisme.ca\/wp-content\/uploads\/2026\/01\/rec-Astrid-et-Raphaelle.jpg",300,168,false],"newspack-article-block-square-small":["https:\/\/lamaisondelautisme.ca\/wp-content\/uploads\/2026\/01\/rec-Astrid-et-Raphaelle.jpg",400,224,false],"newspack-article-block-landscape-tiny":["https:\/\/lamaisondelautisme.ca\/wp-content\/uploads\/2026\/01\/rec-Astrid-et-Raphaelle.jpg",200,112,false],"newspack-article-block-portrait-tiny":["https:\/\/lamaisondelautisme.ca\/wp-content\/uploads\/2026\/01\/rec-Astrid-et-Raphaelle.jpg",150,84,false],"newspack-article-block-square-tiny":["https:\/\/lamaisondelautisme.ca\/wp-content\/uploads\/2026\/01\/rec-Astrid-et-Raphaelle.jpg",200,112,false],"newspack-article-block-uncropped":["https:\/\/lamaisondelautisme.ca\/wp-content\/uploads\/2026\/01\/rec-Astrid-et-Raphaelle.jpg",474,266,false]},"uagb_author_info":{"display_name":"adminWP","author_link":"https:\/\/lamaisondelautisme.ca\/en\/author\/adminmaisondelautisme\/"},"uagb_comment_info":0,"uagb_excerpt":"Astrid et Rapha\u00eblle Suggestion de s\u00e9rie t\u00e9l\u00e9vis\u00e9e Astrid et Rapha\u00eblle est une s\u00e9rie t\u00e9l\u00e9vis\u00e9e polici\u00e8re compos\u00e9e d&rsquo;\u00e9pisodes de 52 minutes, cr\u00e9\u00e9e par Alexandre de Seguins et Laurent Burtin et diffus\u00e9e depuis le 12 avril 2019 sur France 2. La s\u00e9rie franco-belge est une coproduction de France T\u00e9l\u00e9visions, JLA Productions, Be-Films et la Radio-t\u00e9l\u00e9vision belge de&hellip;","jetpack_sharing_enabled":true,"jetpack_shortlink":"https:\/\/wp.me\/PgCvQa-Rg","_links":{"self":[{"href":"https:\/\/lamaisondelautisme.ca\/en\/wp-json\/wp\/v2\/pages\/3302","targetHints":{"allow":["GET"]}}],"collection":[{"href":"https:\/\/lamaisondelautisme.ca\/en\/wp-json\/wp\/v2\/pages"}],"about":[{"href":"https:\/\/lamaisondelautisme.ca\/en\/wp-json\/wp\/v2\/types\/page"}],"author":[{"embeddable":true,"href":"https:\/\/lamaisondelautisme.ca\/en\/wp-json\/wp\/v2\/users\/270503461"}],"replies":[{"embeddable":true,"href":"https:\/\/lamaisondelautisme.ca\/en\/wp-json\/wp\/v2\/comments?post=3302"}],"version-history":[{"count":4,"href":"https:\/\/lamaisondelautisme.ca\/en\/wp-json\/wp\/v2\/pages\/3302\/revisions"}],"predecessor-version":[{"id":3314,"href":"https:\/\/lamaisondelautisme.ca\/en\/wp-json\/wp\/v2\/pages\/3302\/revisions\/3314"}],"wp:featuredmedia":[{"embeddable":true,"href":"https:\/\/lamaisondelautisme.ca\/en\/wp-json\/wp\/v2\/media\/3303"}],"wp:attachment":[{"href":"https:\/\/lamaisondelautisme.ca\/en\/wp-json\/wp\/v2\/media?parent=3302"}],"curies":[{"name":"wp","href":"https:\/\/api.w.org\/{rel}","templated":true}]}}