{"id":156,"date":"2025-06-23T17:28:46","date_gmt":"2025-06-23T21:28:46","guid":{"rendered":"https:\/\/lamaisondelautisme.ca\/?page_id=156"},"modified":"2025-11-17T23:06:24","modified_gmt":"2025-11-18T04:06:24","slug":"blogue-autiste","status":"publish","type":"page","link":"https:\/\/lamaisondelautisme.ca\/en\/portail\/blogue-autiste\/","title":{"rendered":"Blogue de personnes autistes"},"content":{"rendered":"<h1 class=\"wp-block-heading alignwide has-text-align-center\">Blogue de personnes autistes<\/h1>\n\n\n\n<div class=\"wp-block-media-text alignfull is-stacked-on-mobile\" style=\"grid-template-columns:25% auto\"><figure class=\"wp-block-media-text__media\"><img loading=\"lazy\" decoding=\"async\" width=\"1024\" height=\"1024\" data-attachment-id=\"1689\" data-permalink=\"https:\/\/lamaisondelautisme.ca\/en\/q_education-bleu\/\" data-orig-file=\"https:\/\/lamaisondelautisme.ca\/wp-content\/uploads\/2025\/09\/Q_education-bleu.png\" data-orig-size=\"2000,2000\" data-comments-opened=\"1\" data-image-meta=\"{&quot;aperture&quot;:&quot;0&quot;,&quot;credit&quot;:&quot;&quot;,&quot;camera&quot;:&quot;&quot;,&quot;caption&quot;:&quot;&quot;,&quot;created_timestamp&quot;:&quot;0&quot;,&quot;copyright&quot;:&quot;&quot;,&quot;focal_length&quot;:&quot;0&quot;,&quot;iso&quot;:&quot;0&quot;,&quot;shutter_speed&quot;:&quot;0&quot;,&quot;title&quot;:&quot;&quot;,&quot;orientation&quot;:&quot;0&quot;}\" data-image-title=\"Q_education bleu\" data-image-description=\"\" data-image-caption=\"\" data-large-file=\"https:\/\/lamaisondelautisme.ca\/wp-content\/uploads\/2025\/09\/Q_education-bleu-1024x1024.png\" src=\"https:\/\/lamaisondelautisme.ca\/wp-content\/uploads\/2025\/09\/Q_education-bleu-1024x1024.png\" alt=\"\" class=\"wp-image-1689 size-full\" srcset=\"https:\/\/lamaisondelautisme.ca\/wp-content\/uploads\/2025\/09\/Q_education-bleu-1024x1024.png 1024w, https:\/\/lamaisondelautisme.ca\/wp-content\/uploads\/2025\/09\/Q_education-bleu-300x300.png 300w, https:\/\/lamaisondelautisme.ca\/wp-content\/uploads\/2025\/09\/Q_education-bleu-150x150.png 150w, https:\/\/lamaisondelautisme.ca\/wp-content\/uploads\/2025\/09\/Q_education-bleu-768x768.png 768w, https:\/\/lamaisondelautisme.ca\/wp-content\/uploads\/2025\/09\/Q_education-bleu-1536x1536.png 1536w, https:\/\/lamaisondelautisme.ca\/wp-content\/uploads\/2025\/09\/Q_education-bleu-12x12.png 12w, https:\/\/lamaisondelautisme.ca\/wp-content\/uploads\/2025\/09\/Q_education-bleu.png 2000w\" sizes=\"auto, (max-width: 1024px) 100vw, 1024px\" \/><\/figure><div class=\"wp-block-media-text__content\">\n<h2 class=\"wp-block-heading has-text-align-center\" style=\"margin-top:var(--wp--preset--spacing--40);margin-bottom:var(--wp--preset--spacing--40)\">Derniers articles parus<\/h2>\n\n\n\n<div class=\"wp-block-group has-border-color is-nowrap is-layout-flex wp-container-core-group-is-layout-2a3e88d8 wp-block-group-is-layout-flex\" style=\"border-color:#014a97;border-width:3px;border-radius:25px;padding-top:var(--wp--preset--spacing--30);padding-right:var(--wp--preset--spacing--30);padding-bottom:var(--wp--preset--spacing--30);padding-left:var(--wp--preset--spacing--30)\">\t<div\n\t\tclass=\"wp-block-newspack-blocks-homepage-articles  wpnbha ts-4  has-text-align-left has-more-button\"\n\t\tstyle=\"\"\n\t\t>\n\t\t\t\t\t<style id=\"newspack-blocks-inline-css\" type=\"text\/css\">\t\t.wp-block-newspack-blocks-homepage-articles article .entry-title {\n\t\t\tfont-size: 1.2em;\n\t\t}\n\t\t.wp-block-newspack-blocks-homepage-articles .entry-meta {\n\t\t\tdisplay: flex;\n\t\t\tflex-wrap: wrap;\n\t\t\talign-items: center;\n\t\t\tmargin-top: 0.5em;\n\t\t}\n\t\t.wp-block-newspack-blocks-homepage-articles article .entry-meta {\n\t\t\tfont-size: 0.8em;\n\t\t}\n\t\t.wp-block-newspack-blocks-homepage-articles article .avatar {\n\t\t\theight: 25px;\n\t\t\twidth: 25px;\n\t\t}\n\t\t.wp-block-newspack-blocks-homepage-articles .post-thumbnail{\n\t\t\tmargin: 0;\n\t\t\tmargin-bottom: 0.25em;\n\t\t}\n\t\t.wp-block-newspack-blocks-homepage-articles .post-thumbnail img {\n\t\t\theight: auto;\n\t\t\twidth: 100%;\n\t\t}\n\t\t.wp-block-newspack-blocks-homepage-articles .post-thumbnail figcaption {\n\t\t\tmargin-bottom: 0.5em;\n\t\t}\n\t\t.wp-block-newspack-blocks-homepage-articles p {\n\t\t\tmargin: 0.5em 0;\n\t\t}\n\n\t\t.wpnbha.ts-3 .entry-title{font-size: 1em}.wpnbha.ts-3 article .newspack-post-subtitle, .wpnbha.ts-3 article .entry-wrapper p, .wpnbha.ts-3 article .entry-wrapper .more-link, .wpnbha.ts-3 article .entry-meta {font-size: 0.8em;}\t<\/style>\n\t\t\t\t<div data-posts data-current-post-id=\"156\">\n\t\t\t\t\t\t\n\t<article data-post-id=\"2557\"\n\t\tclass=\"category-anglais category-autiste category-texte category-video type-post post-has-image\"\n\t\t\t\t>\n\t\t\t\t\n\t\t<div class=\"entry-wrapper\">\n\t\t\t<h2 class=\"entry-title\"><a href=\"https:\/\/lamaisondelautisme.ca\/en\/le-nouveau-site-est-lance\/\" rel=\"bookmark\">Le nouveau site est lanc\u00e9<\/a><\/h2>\t\t\t\t\t\t<p>Ce site est maintenant entre vos mains! Par Librid\u00e9, producteur principal du site web Gr\u00e2ce au programme PSOP du Gouvernement du Qu\u00e9bec, un grand projet a \u00e9t\u00e9 mis en marche il y a environ un an pour donner une nouvelle vie \u00e0 la Maison de l&rsquo;autisme sur le web. L&rsquo;exp\u00e9rience v\u00e9cue \u00e9tant une priorit\u00e9 dans\u2026<\/p>\n\t\t\t\t<a class=\"more-link\" href=\"https:\/\/lamaisondelautisme.ca\/en\/le-nouveau-site-est-lance\/\" rel=\"bookmark\">\n\t\t\t\t\tContinuer \u00e0 lire\t\t\t\t<\/a>\n\t\t\t\t\t\t\t\t<div class=\"entry-meta\">\n\t\t\t\t\t\t\t\t\t\t\t<span class=\"byline\">\n\t\t\t\t\t\t\t<span class=\"author-prefix\">by<\/span> <span class=\"author vcard\"><a class=\"url fn n\" href=\"https:\/\/lamaisondelautisme.ca\/en\/author\/adminmaisondelautisme\/\">adminWP<\/a><\/span>\t\t\t\t\t\t<\/span><!-- .author-name -->\n\t\t\t\t\t\t<time class=\"entry-date published\" datetime=\"2026-04-29T00:51:56-04:00\">29\/04\/2026<\/time><time class=\"updated\" datetime=\"2026-04-30T00:06:13-04:00\">30\/04\/2026<\/time>\t\t\t\t<\/div><!-- .entry-meta -->\n\t\t\t\t\t<\/div><!-- .entry-wrapper -->\n\t<\/article>\n\n\t\t\n\t<article data-post-id=\"2455\"\n\t\tclass=\"category-autiste category-blog category-feminin category-francais category-texte category-wevito type-post post-has-image\"\n\t\t\t\t>\n\t\t\t\t\n\t\t<div class=\"entry-wrapper\">\n\t\t\t<h2 class=\"entry-title\"><a href=\"https:\/\/lamaisondelautisme.ca\/en\/comment-je-garde-ma-politico-anxiete-in-check\/\" rel=\"bookmark\">Comment je garde ma politico-anxi\u00e9t\u00e9 in check<\/a><\/h2>\t\t\t\t\t\t<p>Comment je garde ma politico-anxi\u00e9t\u00e9 in check Par Wevito Comment je garde ma politico-anxi\u00e9t\u00e9 in check \u00c9tant autiste, y\u2019a plein de choses qui m\u2019angoissent. L\u2019\u00e9co-anxi\u00e9t\u00e9 touche plusieurs d\u2019entre nous. L\u2019anxi\u00e9t\u00e9 sociale aussi. Ces jours-ci, mes chats me causent de l\u2019anxi\u00e9t\u00e9! \u00c7a vient de partout et l\u00e0 o\u00f9 on s\u2019y en attend le moins. Et maintenant\u2026<\/p>\n\t\t\t\t<a class=\"more-link\" href=\"https:\/\/lamaisondelautisme.ca\/en\/comment-je-garde-ma-politico-anxiete-in-check\/\" rel=\"bookmark\">\n\t\t\t\t\tContinuer \u00e0 lire\t\t\t\t<\/a>\n\t\t\t\t\t\t\t\t<div class=\"entry-meta\">\n\t\t\t\t\t\t\t\t\t\t\t<span class=\"byline\">\n\t\t\t\t\t\t\t<span class=\"author-prefix\">by<\/span> <span class=\"author vcard\"><a class=\"url fn n\" href=\"https:\/\/lamaisondelautisme.ca\/en\/author\/adminmaisondelautisme\/\">adminWP<\/a><\/span>\t\t\t\t\t\t<\/span><!-- .author-name -->\n\t\t\t\t\t\t<time class=\"entry-date published\" datetime=\"2026-04-01T15:47:45-04:00\">01\/04\/2026<\/time><time class=\"updated\" datetime=\"2026-04-01T16:06:27-04:00\">01\/04\/2026<\/time>\t\t\t\t<\/div><!-- .entry-meta -->\n\t\t\t\t\t<\/div><!-- .entry-wrapper -->\n\t<\/article>\n\n\t\t\n\t<article data-post-id=\"2804\"\n\t\tclass=\"category-autiste category-bipolarite category-blog category-francais category-masculin category-mourad category-texte type-post post-has-image\"\n\t\t\t\t>\n\t\t\t\t\n\t\t<div class=\"entry-wrapper\">\n\t\t\t<h2 class=\"entry-title\"><a href=\"https:\/\/lamaisondelautisme.ca\/en\/essai-dune-approche-integree-bipolaire-autisme\/\" rel=\"bookmark\">Essai d\u2019une approche int\u00e9gr\u00e9e de l\u2019autogestion du trouble bipolaire et de l\u2019autisme de haut niveau<\/a><\/h2>\t\t\t\t\t\t<p>Par Mourad Rhanem Essai d\u2019une approche int\u00e9gr\u00e9e de l\u2019autogestion du trouble bipolaire et de l\u2019autisme de haut niveau Le trouble bipolaire et l\u2019autisme de haut niveau sont deux conditions de sant\u00e9 neurologiques.L\u2019autisme est inn\u00e9, alors que le trouble bipolaire est le plus souvent acquis.L\u2019autisme se manifeste au sein d\u2019un spectre, c\u2019est-\u00e0-dire diff\u00e9remment d\u2019une personne \u00e0\u2026<\/p>\n\t\t\t\t<a class=\"more-link\" href=\"https:\/\/lamaisondelautisme.ca\/en\/essai-dune-approche-integree-bipolaire-autisme\/\" rel=\"bookmark\">\n\t\t\t\t\tContinuer \u00e0 lire\t\t\t\t<\/a>\n\t\t\t\t\t\t\t\t<div class=\"entry-meta\">\n\t\t\t\t\t\t\t\t\t\t\t<span class=\"byline\">\n\t\t\t\t\t\t\t<span class=\"author-prefix\">by<\/span> <span class=\"author vcard\"><a class=\"url fn n\" href=\"https:\/\/lamaisondelautisme.ca\/en\/author\/adminmaisondelautisme\/\">adminWP<\/a><\/span>\t\t\t\t\t\t<\/span><!-- .author-name -->\n\t\t\t\t\t\t<time class=\"entry-date published\" datetime=\"2026-01-13T00:21:48-05:00\">13\/01\/2026<\/time><time class=\"updated\" datetime=\"2026-01-13T00:25:31-05:00\">13\/01\/2026<\/time>\t\t\t\t<\/div><!-- .entry-meta -->\n\t\t\t\t\t<\/div><!-- .entry-wrapper -->\n\t<\/article>\n\n\t\t\n\t<article data-post-id=\"2450\"\n\t\tclass=\"category-autiste category-blog category-feminin category-francais category-texte category-wevito type-post post-has-image\"\n\t\t\t\t>\n\t\t\t\t\n\t\t<div class=\"entry-wrapper\">\n\t\t\t<h2 class=\"entry-title\"><a href=\"https:\/\/lamaisondelautisme.ca\/en\/ma-trajectoire-apres-un-diagnostic-dautisme-tardif\/\" rel=\"bookmark\">Ma trajectoire apr\u00e8s un diagnostic d\u2019autisme tardif<\/a><\/h2>\t\t\t\t\t\t<p>Ma trajectoire apr\u00e8s un diagnostic d\u2019autisme tardif Par Wevito Introduction Recevoir un diagnostic d\u2019autisme \u00e0 l\u2019\u00e2ge adulte, c\u2019est pas anodin. C\u2019est pas juste une \u00e9tiquette ou une case \u00e0 cocher dans mon dossier m\u00e9dical. C\u2019est majeur comme changement. Un tsunami int\u00e9rieur. Pour moi, ce diagnostic est arriv\u00e9 presque par hasard, je cherchais pas vraiment d\u2019explications\u2026<\/p>\n\t\t\t\t<a class=\"more-link\" href=\"https:\/\/lamaisondelautisme.ca\/en\/ma-trajectoire-apres-un-diagnostic-dautisme-tardif\/\" rel=\"bookmark\">\n\t\t\t\t\tContinuer \u00e0 lire\t\t\t\t<\/a>\n\t\t\t\t\t\t\t\t<div class=\"entry-meta\">\n\t\t\t\t\t\t\t\t\t\t\t<span class=\"byline\">\n\t\t\t\t\t\t\t<span class=\"author-prefix\">by<\/span> <span class=\"author vcard\"><a class=\"url fn n\" href=\"https:\/\/lamaisondelautisme.ca\/en\/author\/adminmaisondelautisme\/\">adminWP<\/a><\/span>\t\t\t\t\t\t<\/span><!-- .author-name -->\n\t\t\t\t\t\t<time class=\"entry-date published\" datetime=\"2026-01-06T14:52:55-05:00\">06\/01\/2026<\/time><time class=\"updated\" datetime=\"2026-01-12T00:07:54-05:00\">12\/01\/2026<\/time>\t\t\t\t<\/div><!-- .entry-meta -->\n\t\t\t\t\t<\/div><!-- .entry-wrapper -->\n\t<\/article>\n\n\t\t\n\t<article data-post-id=\"2545\"\n\t\tclass=\"category-ancien-blog category-anglais category-autiste category-blog category-non-autiste category-texte type-post post-has-image\"\n\t\t\t\t>\n\t\t\t\t\n\t\t<div class=\"entry-wrapper\">\n\t\t\t<h2 class=\"entry-title\"><a href=\"https:\/\/lamaisondelautisme.ca\/en\/inspiring-through-words-the-journey-of-jordan-nanos\/\" rel=\"bookmark\">Inspiring through words: the journey of Jordan Nanos<\/a><\/h2>\t\t\t\t\t\t<p>Inspiring through words: the journey of Jordan Nanos by Patrick Millette and Jordan Nanos In a world where the power of words can uplift spirits and spark change, Jordan Nanos stands as a beacon of inspiration. A talented author diagnosed with 22q, Jordan&rsquo;s story is not just about his diagnosis but also about his resilience,\u2026<\/p>\n\t\t\t\t<a class=\"more-link\" href=\"https:\/\/lamaisondelautisme.ca\/en\/inspiring-through-words-the-journey-of-jordan-nanos\/\" rel=\"bookmark\">\n\t\t\t\t\tContinuer \u00e0 lire\t\t\t\t<\/a>\n\t\t\t\t\t\t\t\t<div class=\"entry-meta\">\n\t\t\t\t\t\t\t\t\t\t\t<span class=\"byline\">\n\t\t\t\t\t\t\t<span class=\"author-prefix\">by<\/span> <span class=\"author vcard\"><a class=\"url fn n\" href=\"https:\/\/lamaisondelautisme.ca\/en\/author\/adminmaisondelautisme\/\">adminWP<\/a><\/span>\t\t\t\t\t\t<\/span><!-- .author-name -->\n\t\t\t\t\t\t<time class=\"entry-date published\" datetime=\"2024-04-01T00:57:46-04:00\">01\/04\/2024<\/time><time class=\"updated\" datetime=\"2025-10-16T00:58:45-04:00\">16\/10\/2025<\/time>\t\t\t\t<\/div><!-- .entry-meta -->\n\t\t\t\t\t<\/div><!-- .entry-wrapper -->\n\t<\/article>\n\n\t\t\t\t<\/div>\n\t\t\t\t\t<button type=\"button\" class=\"wp-block-button__link\"  data-next=\"https:\/\/lamaisondelautisme.ca\/en\/wp-json\/newspack-blocks\/v1\/articles?showReadMore=1&#038;readMoreLabel=Continuer%20%C3%A0%20lire&#038;showImage=0&#038;moreButton=1&#038;showAvatar=0&#038;postsToShow=5&#038;categories%5B0%5D=782149512&#038;categoryExclusions%5B0%5D=442&#038;categoryExclusions%5B1%5D=89628&#038;className&#038;showExcerpt=1&#038;showFullContent=0&#038;excerptLength=55&#038;infiniteScroll=0&#038;showDate=1&#038;showCaption=0&#038;showCredit=0&#038;disableImageLazyLoad=0&#038;fetchPriority&#038;imageShape=landscape&#038;minHeight=0&#038;moreButtonText&#038;showAuthor=1&#038;showCategory=0&#038;postLayout=list&#038;columns=3&#038;colGap=3&#038;mediaPosition=top&#038;&#038;categoryJoinType=or&#038;includeSubcategories=1&#038;&#038;&#038;&#038;&#038;typeScale=4&#038;imageScale=3&#038;mobileStack=0&#038;sectionHeader&#038;specificMode=0&#038;textColor&#038;customTextColor&#038;singleMode=0&#038;showSubtitle=0&#038;postType%5B0%5D=post&#038;textAlign=left&#038;includedPostStatuses%5B0%5D=publish&#038;deduplicate=1&#038;TrpContentRestriction%5Brestriction_type%5D=exclude&#038;&#038;TrpContentRestriction%5Bpanel_open%5D=1&#038;page=2\">\n\t\t\t\t<span class=\"label\">\n\t\t\t\t\tLoad more posts\t\t\t\t<\/span>\n\t\t\t\t<span class=\"loading\"><\/span>\n\t\t\t<\/button>\n\t\t\t<p class=\"error\">\n\t\t\t\tSomething went wrong. Please refresh the page and\/or try again.\t\t\t<\/p>\n\n\t\t\n\t<\/div>\n\t<\/div>\n<\/div><\/div>\n\n\n\n<div class=\"wp-block-group alignfull is-layout-flow wp-block-group-is-layout-flow\">\n<div class=\"wp-block-uagb-separator uagb-block-f8d9b62a\"><div class=\"uagb-separator-spacing-wrapper\"><div class=\"wp-block-uagb-separator__inner\" style=\"--my-background-image:\"><\/div><\/div><\/div>\n\n\n\n<div class=\"wp-block-media-text alignfull has-media-on-the-right is-stacked-on-mobile\" style=\"grid-template-columns:auto 35%\"><div class=\"wp-block-media-text__content\">\n<h2 class=\"wp-block-heading has-text-align-center\" style=\"margin-top:var(--wp--preset--spacing--40);margin-bottom:var(--wp--preset--spacing--40)\">Cat\u00e9gories d&rsquo;articles<\/h2>\n\n\n<ul style=\"border-radius:25px;border-width:3px; padding-top:var(--wp--preset--spacing--30);padding-bottom:var(--wp--preset--spacing--30);padding-left:var(--wp--preset--spacing--50);padding-right:var(--wp--preset--spacing--50);\" class=\"wp-block-categories-list wp-block-categories-taxonomy-category wp-block-categories\">\t<li class=\"cat-item cat-item-782149508\"><a href=\"https:\/\/lamaisondelautisme.ca\/en\/category\/ancien-blog\/\">Ancien blog<\/a> (17)\n<\/li>\n\t<li class=\"cat-item cat-item-781904126\"><a href=\"https:\/\/lamaisondelautisme.ca\/en\/category\/bloggeurs-euses\/\">Bloggeurs-euses<\/a> (0)\n<\/li>\n\t<li class=\"cat-item cat-item-26500603\"><a href=\"https:\/\/lamaisondelautisme.ca\/en\/category\/comorbidite\/\">comorbidit\u00e9<\/a> (0)\n<\/li>\n\t<li class=\"cat-item cat-item-1137240\"><a href=\"https:\/\/lamaisondelautisme.ca\/en\/category\/habitation\/\">Habitation<\/a> (1)\n<\/li>\n\t<li class=\"cat-item cat-item-14752093\"><a href=\"https:\/\/lamaisondelautisme.ca\/en\/category\/identite-de-genre\/\">Identit\u00e9 de genre<\/a> (0)\n<\/li>\n\t<li class=\"cat-item cat-item-4095291\"><a href=\"https:\/\/lamaisondelautisme.ca\/en\/category\/orientation-sexuelle\/\">Orientation sexuelle<\/a> (0)\n<\/li>\n\t<li class=\"cat-item cat-item-89628\"><a href=\"https:\/\/lamaisondelautisme.ca\/en\/category\/temoignage\/\">T\u00e9moignage<\/a> (16)\n<\/li>\n\t<li class=\"cat-item cat-item-92328371\"><a href=\"https:\/\/lamaisondelautisme.ca\/en\/category\/traits-autistiques\/\">Traits autistiques<\/a> (0)\n<\/li>\n\t<li class=\"cat-item cat-item-79467284\"><a href=\"https:\/\/lamaisondelautisme.ca\/en\/category\/types-de-contenu\/\">Types de contenu<\/a> (0)\n<\/li>\n<\/ul><\/div><figure class=\"wp-block-media-text__media\"><img loading=\"lazy\" decoding=\"async\" width=\"1024\" height=\"1024\" data-attachment-id=\"1683\" data-permalink=\"https:\/\/lamaisondelautisme.ca\/en\/q_ab-bleu\/\" data-orig-file=\"https:\/\/lamaisondelautisme.ca\/wp-content\/uploads\/2025\/09\/Q_AB-bleu.png\" data-orig-size=\"2000,2000\" data-comments-opened=\"1\" data-image-meta=\"{&quot;aperture&quot;:&quot;0&quot;,&quot;credit&quot;:&quot;&quot;,&quot;camera&quot;:&quot;&quot;,&quot;caption&quot;:&quot;&quot;,&quot;created_timestamp&quot;:&quot;0&quot;,&quot;copyright&quot;:&quot;&quot;,&quot;focal_length&quot;:&quot;0&quot;,&quot;iso&quot;:&quot;0&quot;,&quot;shutter_speed&quot;:&quot;0&quot;,&quot;title&quot;:&quot;&quot;,&quot;orientation&quot;:&quot;0&quot;}\" data-image-title=\"Q_AB bleu\" data-image-description=\"\" data-image-caption=\"\" data-large-file=\"https:\/\/lamaisondelautisme.ca\/wp-content\/uploads\/2025\/09\/Q_AB-bleu-1024x1024.png\" src=\"https:\/\/lamaisondelautisme.ca\/wp-content\/uploads\/2025\/09\/Q_AB-bleu-1024x1024.png\" alt=\"\" class=\"wp-image-1683 size-full\" srcset=\"https:\/\/lamaisondelautisme.ca\/wp-content\/uploads\/2025\/09\/Q_AB-bleu-1024x1024.png 1024w, https:\/\/lamaisondelautisme.ca\/wp-content\/uploads\/2025\/09\/Q_AB-bleu-300x300.png 300w, https:\/\/lamaisondelautisme.ca\/wp-content\/uploads\/2025\/09\/Q_AB-bleu-150x150.png 150w, https:\/\/lamaisondelautisme.ca\/wp-content\/uploads\/2025\/09\/Q_AB-bleu-768x768.png 768w, https:\/\/lamaisondelautisme.ca\/wp-content\/uploads\/2025\/09\/Q_AB-bleu-1536x1536.png 1536w, https:\/\/lamaisondelautisme.ca\/wp-content\/uploads\/2025\/09\/Q_AB-bleu-12x12.png 12w, https:\/\/lamaisondelautisme.ca\/wp-content\/uploads\/2025\/09\/Q_AB-bleu.png 2000w\" sizes=\"auto, (max-width: 1024px) 100vw, 1024px\" \/><\/figure><\/div>\n\n\n\n<div class=\"wp-block-uagb-separator uagb-block-f007fb96\"><div class=\"wp-block-uagb-separator__inner\" style=\"--my-background-image:\"><\/div><\/div>\n<\/div>\n\n\n\n<div class=\"wp-block-media-text alignfull is-stacked-on-mobile\" style=\"grid-template-columns:30% auto\"><figure class=\"wp-block-media-text__media\"><img loading=\"lazy\" decoding=\"async\" width=\"1024\" height=\"1024\" data-attachment-id=\"1677\" data-permalink=\"https:\/\/lamaisondelautisme.ca\/en\/q_speech-bleu\/\" data-orig-file=\"https:\/\/lamaisondelautisme.ca\/wp-content\/uploads\/2025\/09\/Q_speech-bleu.png\" data-orig-size=\"2000,2000\" data-comments-opened=\"1\" data-image-meta=\"{&quot;aperture&quot;:&quot;0&quot;,&quot;credit&quot;:&quot;&quot;,&quot;camera&quot;:&quot;&quot;,&quot;caption&quot;:&quot;&quot;,&quot;created_timestamp&quot;:&quot;0&quot;,&quot;copyright&quot;:&quot;&quot;,&quot;focal_length&quot;:&quot;0&quot;,&quot;iso&quot;:&quot;0&quot;,&quot;shutter_speed&quot;:&quot;0&quot;,&quot;title&quot;:&quot;&quot;,&quot;orientation&quot;:&quot;0&quot;}\" data-image-title=\"Q_speech bleu\" data-image-description=\"\" data-image-caption=\"\" data-large-file=\"https:\/\/lamaisondelautisme.ca\/wp-content\/uploads\/2025\/09\/Q_speech-bleu-1024x1024.png\" src=\"https:\/\/lamaisondelautisme.ca\/wp-content\/uploads\/2025\/09\/Q_speech-bleu-1024x1024.png\" alt=\"\" class=\"wp-image-1677 size-full\" srcset=\"https:\/\/lamaisondelautisme.ca\/wp-content\/uploads\/2025\/09\/Q_speech-bleu-1024x1024.png 1024w, https:\/\/lamaisondelautisme.ca\/wp-content\/uploads\/2025\/09\/Q_speech-bleu-300x300.png 300w, https:\/\/lamaisondelautisme.ca\/wp-content\/uploads\/2025\/09\/Q_speech-bleu-150x150.png 150w, https:\/\/lamaisondelautisme.ca\/wp-content\/uploads\/2025\/09\/Q_speech-bleu-768x768.png 768w, https:\/\/lamaisondelautisme.ca\/wp-content\/uploads\/2025\/09\/Q_speech-bleu-1536x1536.png 1536w, https:\/\/lamaisondelautisme.ca\/wp-content\/uploads\/2025\/09\/Q_speech-bleu-12x12.png 12w, https:\/\/lamaisondelautisme.ca\/wp-content\/uploads\/2025\/09\/Q_speech-bleu.png 2000w\" sizes=\"auto, (max-width: 1024px) 100vw, 1024px\" \/><\/figure><div class=\"wp-block-media-text__content\">\n<h2 class=\"wp-block-heading has-text-align-center\">T\u00e9moignages sur le processus du diagnostic<\/h2>\n\n\n\t<div\n\t\tclass=\"wp-block-newspack-blocks-homepage-articles is-style-default wpnbha ts-3 is-style-default has-text-align-left has-more-button\"\n\t\tstyle=\"\"\n\t\t>\n\t\t\t\t<div data-posts data-current-post-id=\"156\">\n\t\t\t\t\t\t\n\t<article data-post-id=\"2198\"\n\t\tclass=\"category-autiste category-cisgenre category-diagnostic-tardif category-francais category-francois-dionne category-masculin category-t1mene category-temoignage category-temoignage-texte category-tdah category-texte category-trouble-de-la-parole category-trouble-schizo-affectif type-post\"\n\t\t\t\t>\n\t\t\t\t\n\t\t<div class=\"entry-wrapper\">\n\t\t\t<h2 class=\"entry-title\"><a href=\"https:\/\/lamaisondelautisme.ca\/en\/1-francois-dionne\/\" rel=\"bookmark\">1-Qu\u2019est ce qui vous a men\u00e9 vers la d\u00e9marche d\u2019un diagnostic dans le spectre de l\u2019autisme?<\/a><\/h2>\t\t\t\t\t\t<p>1-Qu\u2019est ce qui vous a men\u00e9 vers la d\u00e9marche d\u2019un diagnostic dans le spectre de l\u2019autisme?<\/p>\n<p>Mon diagnostic m&rsquo;est venu compl\u00e8tement par surprise. Mon psychiatre m&rsquo;a fait faire un test et quand j&rsquo;ai re\u00e7u le r\u00e9sultat, surprise!<\/p>\n\t\t\t\t<a class=\"more-link\" href=\"https:\/\/lamaisondelautisme.ca\/en\/1-francois-dionne\/\" rel=\"bookmark\">\n\t\t\t\t\tContinuer \u00e0 lire\t\t\t\t<\/a>\n\t\t\t\t\t\t\t\t<div class=\"entry-meta\">\n\t\t\t\t\t\t\t\t\t\t\t<span class=\"byline\">\n\t\t\t\t\t\t\t<span class=\"author-prefix\">by<\/span> <span class=\"author vcard\"><a class=\"url fn n\" href=\"https:\/\/lamaisondelautisme.ca\/en\/author\/adminmaisondelautisme\/\">adminWP<\/a><\/span>\t\t\t\t\t\t<\/span><!-- .author-name -->\n\t\t\t\t\t\t\t\t\t\t<\/div><!-- .entry-meta -->\n\t\t\t\t\t<\/div><!-- .entry-wrapper -->\n\t<\/article>\n\n\t\t\n\t<article data-post-id=\"2186\"\n\t\tclass=\"category-autiste category-cisgenre category-diagnostic-tardif category-francais category-francois-dionne category-masculin category-temoignage category-temoignage-complet category-temoignage-texte category-tdah category-texte category-trouble-de-la-parole category-trouble-schizo-affectif type-post\"\n\t\t\t\t>\n\t\t\t\t\n\t\t<div class=\"entry-wrapper\">\n\t\t\t<h2 class=\"entry-title\"><a href=\"https:\/\/lamaisondelautisme.ca\/en\/temoignage-complet-francois-dionne\/\" rel=\"bookmark\">T\u00e9moignage complet sur le processus diagnostic &#8211; Fran\u00e7ois Dionne<\/a><\/h2>\t\t\t\t\t\t<p>T\u00e9moignage T\u00e9moignage complet sur le processus diagnosticFran\u00e7ois Dionne 1-Qu\u2019est ce qui vous a men\u00e9 vers la d\u00e9marche d\u2019un diagnostic dans le spectre de l\u2019autisme? Mon diagnostic m&rsquo;est venu compl\u00e8tement par surprise. Mon psychiatre m&rsquo;a fait faire un test et quand\u2026<\/p>\n\t\t\t\t<a class=\"more-link\" href=\"https:\/\/lamaisondelautisme.ca\/en\/temoignage-complet-francois-dionne\/\" rel=\"bookmark\">\n\t\t\t\t\tContinuer \u00e0 lire\t\t\t\t<\/a>\n\t\t\t\t\t\t\t\t<div class=\"entry-meta\">\n\t\t\t\t\t\t\t\t\t\t\t<span class=\"byline\">\n\t\t\t\t\t\t\t<span class=\"author-prefix\">by<\/span> <span class=\"author vcard\"><a class=\"url fn n\" href=\"https:\/\/lamaisondelautisme.ca\/en\/author\/adminmaisondelautisme\/\">adminWP<\/a><\/span>\t\t\t\t\t\t<\/span><!-- .author-name -->\n\t\t\t\t\t\t\t\t\t\t<\/div><!-- .entry-meta -->\n\t\t\t\t\t<\/div><!-- .entry-wrapper -->\n\t<\/article>\n\n\t\t\n\t<article data-post-id=\"2169\"\n\t\tclass=\"category-autiste category-cisgenre category-diagnostic-tardif category-fluide category-francais category-homosexuelle category-libride category-masculin category-pansexuelle category-t13autistes category-temoignage category-temoignage-video category-tdah category-verbal category-video type-post post-has-image\"\n\t\t\t\t>\n\t\t\t\t\n\t\t<div class=\"entry-wrapper\">\n\t\t\t<h2 class=\"entry-title\"><a href=\"https:\/\/lamaisondelautisme.ca\/en\/13-libride\/\" rel=\"bookmark\">13-Quel message voudriez-vous faire passer aux personnes autistes, surtout celles qui d\u00e9couvrent ou viennent de d\u00e9couvrir leur autisme?<\/a><\/h2>\t\t\t\t\t\t<p>T\u00e9moignage Voir le t\u00e9moignage complet 13-Quel message voudriez-vous faire passer aux personnes autistes, surtout celles qui d\u00e9couvrent ou viennent de d\u00e9couvrir leur autisme?<\/p>\n\t\t\t\t<a class=\"more-link\" href=\"https:\/\/lamaisondelautisme.ca\/en\/13-libride\/\" rel=\"bookmark\">\n\t\t\t\t\tContinuer \u00e0 lire\t\t\t\t<\/a>\n\t\t\t\t\t\t\t\t<div class=\"entry-meta\">\n\t\t\t\t\t\t\t\t\t\t\t<span class=\"byline\">\n\t\t\t\t\t\t\t<span class=\"author-prefix\">by<\/span> <span class=\"author vcard\"><a class=\"url fn n\" href=\"https:\/\/lamaisondelautisme.ca\/en\/author\/adminmaisondelautisme\/\">adminWP<\/a><\/span>\t\t\t\t\t\t<\/span><!-- .author-name -->\n\t\t\t\t\t\t\t\t\t\t<\/div><!-- .entry-meta -->\n\t\t\t\t\t<\/div><!-- .entry-wrapper -->\n\t<\/article>\n\n\t\t\t\t<\/div>\n\t\t\t\t\t<button type=\"button\" class=\"wp-block-button__link\"  data-next=\"https:\/\/lamaisondelautisme.ca\/en\/wp-json\/newspack-blocks\/v1\/articles?className=is-style-default&#038;excerptLength=40&#038;showReadMore=1&#038;readMoreLabel=Continuer%20%C3%A0%20lire&#038;showDate=0&#038;showImage=0&#038;moreButton=1&#038;showAvatar=0&#038;categories%5B0%5D=89628&#038;typeScale=3&#038;showExcerpt=1&#038;showFullContent=0&#038;infiniteScroll=0&#038;showCaption=0&#038;showCredit=0&#038;disableImageLazyLoad=0&#038;fetchPriority&#038;imageShape=landscape&#038;minHeight=0&#038;moreButtonText&#038;showAuthor=1&#038;showCategory=0&#038;postLayout=list&#038;columns=3&#038;colGap=3&#038;postsToShow=3&#038;mediaPosition=top&#038;&#038;categoryJoinType=or&#038;includeSubcategories=1&#038;&#038;&#038;&#038;&#038;&#038;imageScale=3&#038;mobileStack=0&#038;sectionHeader&#038;specificMode=0&#038;textColor&#038;customTextColor&#038;singleMode=0&#038;showSubtitle=0&#038;postType%5B0%5D=post&#038;textAlign=left&#038;includedPostStatuses%5B0%5D=publish&#038;deduplicate=1&#038;TrpContentRestriction%5Brestriction_type%5D=exclude&#038;&#038;TrpContentRestriction%5Bpanel_open%5D=1&#038;page=2\">\n\t\t\t\t<span class=\"label\">\n\t\t\t\t\tLoad more posts\t\t\t\t<\/span>\n\t\t\t\t<span class=\"loading\"><\/span>\n\t\t\t<\/button>\n\t\t\t<p class=\"error\">\n\t\t\t\tSomething went wrong. Please refresh the page and\/or try again.\t\t\t<\/p>\n\n\t\t\n\t<\/div>\n\t<\/div><\/div>\n\n\n<form role=\"search\" method=\"get\" action=\"https:\/\/lamaisondelautisme.ca\/en\/\" class=\"wp-block-search__button-outside wp-block-search__icon-button wp-block-search\" data-trp-original-action=\"https:\/\/lamaisondelautisme.ca\/en\/\"    ><label class=\"wp-block-search__label\" for=\"wp-block-search__input-1\" >Recherche sur le site<\/label><div class=\"wp-block-search__inside-wrapper\" ><input class=\"wp-block-search__input\" id=\"wp-block-search__input-1\" placeholder=\"\" value=\"\" type=\"search\" name=\"s\" required \/><button aria-label=\"Recherche\" class=\"wp-block-search__button has-icon wp-element-button\" type=\"submit\" ><svg class=\"search-icon\" viewbox=\"0 0 24 24\" width=\"24\" height=\"24\">\n\t\t\t\t\t<path d=\"M13 5c-3.3 0-6 2.7-6 6 0 1.4.5 2.7 1.3 3.7l-3.8 3.8 1.1 1.1 3.8-3.8c1 .8 2.3 1.3 3.7 1.3 3.3 0 6-2.7 6-6S16.3 5 13 5zm0 10.5c-2.5 0-4.5-2-4.5-4.5s2-4.5 4.5-4.5 4.5 2 4.5 4.5-2 4.5-4.5 4.5z\"><\/path>\n\t\t\t\t<\/svg><\/button><\/div><input type=\"hidden\" name=\"trp-form-language\" value=\"en\"\/><\/form>","protected":false},"excerpt":{"rendered":"<p>Blogue de personnes autistes Cat\u00e9gories d&rsquo;articles<\/p>","protected":false},"author":270503461,"featured_media":1689,"parent":1465,"menu_order":0,"comment_status":"closed","ping_status":"closed","template":"wp-custom-template-pages-entraide","meta":{"give_campaign_id":0,"_crdt_document":"","_uag_custom_page_level_css":"","footnotes":""},"class_list":["post-156","page","type-page","status-publish","has-post-thumbnail","hentry"],"yoast_head":"<!-- This site is optimized with the Yoast SEO plugin v27.5 - https:\/\/yoast.com\/product\/yoast-seo-wordpress\/ -->\n<title>Blogue de personnes autistes - Maison de l&#039;Autisme<\/title>\n<meta name=\"robots\" content=\"index, follow, max-snippet:-1, max-image-preview:large, max-video-preview:-1\" \/>\n<link rel=\"canonical\" href=\"https:\/\/lamaisondelautisme.ca\/en\/portail\/blogue-autiste\/\" \/>\n<meta property=\"og:locale\" content=\"en_US\" \/>\n<meta property=\"og:type\" content=\"article\" \/>\n<meta property=\"og:title\" content=\"Blogue de personnes autistes - Maison de l&#039;Autisme\" \/>\n<meta property=\"og:description\" content=\"Blogue de personnes autistes Cat\u00e9gories d&rsquo;articles\" \/>\n<meta property=\"og:url\" content=\"https:\/\/lamaisondelautisme.ca\/en\/portail\/blogue-autiste\/\" \/>\n<meta property=\"og:site_name\" content=\"Maison de l&#039;Autisme\" \/>\n<meta property=\"article:publisher\" content=\"https:\/\/www.facebook.com\/lamaisondelautismeautismhouse\" \/>\n<meta property=\"article:modified_time\" content=\"2025-11-18T04:06:24+00:00\" \/>\n<meta property=\"og:image\" content=\"https:\/\/lamaisondelautisme.ca\/wp-content\/uploads\/2025\/09\/Q_education-bleu.png\" \/>\n\t<meta property=\"og:image:width\" content=\"2000\" \/>\n\t<meta property=\"og:image:height\" content=\"2000\" \/>\n\t<meta property=\"og:image:type\" content=\"image\/png\" \/>\n<meta name=\"twitter:card\" content=\"summary_large_image\" \/>\n<meta name=\"twitter:label1\" content=\"Est. reading time\" \/>\n\t<meta name=\"twitter:data1\" content=\"1 minute\" \/>\n<script type=\"application\/ld+json\" class=\"yoast-schema-graph\">{\"@context\":\"https:\\\/\\\/schema.org\",\"@graph\":[{\"@type\":\"WebPage\",\"@id\":\"https:\\\/\\\/lamaisondelautisme.ca\\\/portail\\\/blogue-autiste\\\/\",\"url\":\"https:\\\/\\\/lamaisondelautisme.ca\\\/portail\\\/blogue-autiste\\\/\",\"name\":\"Blogue de personnes autistes - Maison de l&#039;Autisme\",\"isPartOf\":{\"@id\":\"https:\\\/\\\/lamaisondelautisme.ca\\\/#website\"},\"primaryImageOfPage\":{\"@id\":\"https:\\\/\\\/lamaisondelautisme.ca\\\/portail\\\/blogue-autiste\\\/#primaryimage\"},\"image\":{\"@id\":\"https:\\\/\\\/lamaisondelautisme.ca\\\/portail\\\/blogue-autiste\\\/#primaryimage\"},\"thumbnailUrl\":\"https:\\\/\\\/lamaisondelautisme.ca\\\/wp-content\\\/uploads\\\/2025\\\/09\\\/Q_education-bleu.png\",\"datePublished\":\"2025-06-23T21:28:46+00:00\",\"dateModified\":\"2025-11-18T04:06:24+00:00\",\"breadcrumb\":{\"@id\":\"https:\\\/\\\/lamaisondelautisme.ca\\\/portail\\\/blogue-autiste\\\/#breadcrumb\"},\"inLanguage\":\"en-CA\",\"potentialAction\":[{\"@type\":\"ReadAction\",\"target\":[\"https:\\\/\\\/lamaisondelautisme.ca\\\/portail\\\/blogue-autiste\\\/\"]}]},{\"@type\":\"ImageObject\",\"inLanguage\":\"en-CA\",\"@id\":\"https:\\\/\\\/lamaisondelautisme.ca\\\/portail\\\/blogue-autiste\\\/#primaryimage\",\"url\":\"https:\\\/\\\/lamaisondelautisme.ca\\\/wp-content\\\/uploads\\\/2025\\\/09\\\/Q_education-bleu.png\",\"contentUrl\":\"https:\\\/\\\/lamaisondelautisme.ca\\\/wp-content\\\/uploads\\\/2025\\\/09\\\/Q_education-bleu.png\",\"width\":2000,\"height\":2000},{\"@type\":\"BreadcrumbList\",\"@id\":\"https:\\\/\\\/lamaisondelautisme.ca\\\/portail\\\/blogue-autiste\\\/#breadcrumb\",\"itemListElement\":[{\"@type\":\"ListItem\",\"position\":1,\"name\":\"Accueil\",\"item\":\"https:\\\/\\\/lamaisondelautisme.ca\\\/\"},{\"@type\":\"ListItem\",\"position\":2,\"name\":\"Portail\",\"item\":\"https:\\\/\\\/lamaisondelautisme.ca\\\/portail\\\/\"},{\"@type\":\"ListItem\",\"position\":3,\"name\":\"Blogue de personnes autistes\"}]},{\"@type\":\"WebSite\",\"@id\":\"https:\\\/\\\/lamaisondelautisme.ca\\\/#website\",\"url\":\"https:\\\/\\\/lamaisondelautisme.ca\\\/\",\"name\":\"Maison de l'Autisme\",\"description\":\"Un espace par et pour les adultes autistes, leurs proches et leur communaut\u00e9.\",\"publisher\":{\"@id\":\"https:\\\/\\\/lamaisondelautisme.ca\\\/#organization\"},\"potentialAction\":[{\"@type\":\"SearchAction\",\"target\":{\"@type\":\"EntryPoint\",\"urlTemplate\":\"https:\\\/\\\/lamaisondelautisme.ca\\\/?s={search_term_string}\"},\"query-input\":{\"@type\":\"PropertyValueSpecification\",\"valueRequired\":true,\"valueName\":\"search_term_string\"}}],\"inLanguage\":\"en-CA\"},{\"@type\":\"Organization\",\"@id\":\"https:\\\/\\\/lamaisondelautisme.ca\\\/#organization\",\"name\":\"La Maison de l'Autisme\",\"alternateName\":\"Maison de l'autisme\",\"url\":\"https:\\\/\\\/lamaisondelautisme.ca\\\/\",\"logo\":{\"@type\":\"ImageObject\",\"inLanguage\":\"en-CA\",\"@id\":\"https:\\\/\\\/lamaisondelautisme.ca\\\/#\\\/schema\\\/logo\\\/image\\\/\",\"url\":\"https:\\\/\\\/lamaisondelautisme.ca\\\/wp-content\\\/uploads\\\/2025\\\/09\\\/MA-Logo_FR_Blue.png\",\"contentUrl\":\"https:\\\/\\\/lamaisondelautisme.ca\\\/wp-content\\\/uploads\\\/2025\\\/09\\\/MA-Logo_FR_Blue.png\",\"width\":3011,\"height\":1525,\"caption\":\"La Maison de l'Autisme\"},\"image\":{\"@id\":\"https:\\\/\\\/lamaisondelautisme.ca\\\/#\\\/schema\\\/logo\\\/image\\\/\"},\"sameAs\":[\"https:\\\/\\\/www.facebook.com\\\/lamaisondelautismeautismhouse\",\"https:\\\/\\\/www.youtube.com\\\/@maisondelautisme-autismhouse\",\"https:\\\/\\\/www.instagram.com\\\/maisondelautisme_autismhouse\\\/\",\"https:\\\/\\\/ca.linkedin.com\\\/company\\\/maison-de-l-autisme-autism-house\",\"https:\\\/\\\/www.threads.com\\\/@maisondelautisme_autismhouse?igshid=NTc4MTIwNjQ2YQ\"]}]}<\/script>\n<!-- \/ Yoast SEO plugin. -->","yoast_head_json":{"title":"Blogue de personnes autistes - Maison de l&#039;Autisme","robots":{"index":"index","follow":"follow","max-snippet":"max-snippet:-1","max-image-preview":"max-image-preview:large","max-video-preview":"max-video-preview:-1"},"canonical":"https:\/\/lamaisondelautisme.ca\/en\/portail\/blogue-autiste\/","og_locale":"en_US","og_type":"article","og_title":"Blogue de personnes autistes - Maison de l&#039;Autisme","og_description":"Blogue de personnes autistes Cat\u00e9gories d&rsquo;articles","og_url":"https:\/\/lamaisondelautisme.ca\/en\/portail\/blogue-autiste\/","og_site_name":"Maison de l&#039;Autisme","article_publisher":"https:\/\/www.facebook.com\/lamaisondelautismeautismhouse","article_modified_time":"2025-11-18T04:06:24+00:00","og_image":[{"width":2000,"height":2000,"url":"https:\/\/lamaisondelautisme.ca\/wp-content\/uploads\/2025\/09\/Q_education-bleu.png","type":"image\/png"}],"twitter_card":"summary_large_image","twitter_misc":{"Est. reading time":"1 minute"},"schema":{"@context":"https:\/\/schema.org","@graph":[{"@type":"WebPage","@id":"https:\/\/lamaisondelautisme.ca\/portail\/blogue-autiste\/","url":"https:\/\/lamaisondelautisme.ca\/portail\/blogue-autiste\/","name":"Blogue de personnes autistes - Maison de l&#039;Autisme","isPartOf":{"@id":"https:\/\/lamaisondelautisme.ca\/#website"},"primaryImageOfPage":{"@id":"https:\/\/lamaisondelautisme.ca\/portail\/blogue-autiste\/#primaryimage"},"image":{"@id":"https:\/\/lamaisondelautisme.ca\/portail\/blogue-autiste\/#primaryimage"},"thumbnailUrl":"https:\/\/lamaisondelautisme.ca\/wp-content\/uploads\/2025\/09\/Q_education-bleu.png","datePublished":"2025-06-23T21:28:46+00:00","dateModified":"2025-11-18T04:06:24+00:00","breadcrumb":{"@id":"https:\/\/lamaisondelautisme.ca\/portail\/blogue-autiste\/#breadcrumb"},"inLanguage":"en-CA","potentialAction":[{"@type":"ReadAction","target":["https:\/\/lamaisondelautisme.ca\/portail\/blogue-autiste\/"]}]},{"@type":"ImageObject","inLanguage":"en-CA","@id":"https:\/\/lamaisondelautisme.ca\/portail\/blogue-autiste\/#primaryimage","url":"https:\/\/lamaisondelautisme.ca\/wp-content\/uploads\/2025\/09\/Q_education-bleu.png","contentUrl":"https:\/\/lamaisondelautisme.ca\/wp-content\/uploads\/2025\/09\/Q_education-bleu.png","width":2000,"height":2000},{"@type":"BreadcrumbList","@id":"https:\/\/lamaisondelautisme.ca\/portail\/blogue-autiste\/#breadcrumb","itemListElement":[{"@type":"ListItem","position":1,"name":"Accueil","item":"https:\/\/lamaisondelautisme.ca\/"},{"@type":"ListItem","position":2,"name":"Portail","item":"https:\/\/lamaisondelautisme.ca\/portail\/"},{"@type":"ListItem","position":3,"name":"Blogue de personnes autistes"}]},{"@type":"WebSite","@id":"https:\/\/lamaisondelautisme.ca\/#website","url":"https:\/\/lamaisondelautisme.ca\/","name":"Maison de l'Autisme","description":"Un espace par et pour les adultes autistes, leurs proches et leur communaut\u00e9.","publisher":{"@id":"https:\/\/lamaisondelautisme.ca\/#organization"},"potentialAction":[{"@type":"SearchAction","target":{"@type":"EntryPoint","urlTemplate":"https:\/\/lamaisondelautisme.ca\/?s={search_term_string}"},"query-input":{"@type":"PropertyValueSpecification","valueRequired":true,"valueName":"search_term_string"}}],"inLanguage":"en-CA"},{"@type":"Organization","@id":"https:\/\/lamaisondelautisme.ca\/#organization","name":"La Maison de l'Autisme","alternateName":"Maison de l'autisme","url":"https:\/\/lamaisondelautisme.ca\/","logo":{"@type":"ImageObject","inLanguage":"en-CA","@id":"https:\/\/lamaisondelautisme.ca\/#\/schema\/logo\/image\/","url":"https:\/\/lamaisondelautisme.ca\/wp-content\/uploads\/2025\/09\/MA-Logo_FR_Blue.png","contentUrl":"https:\/\/lamaisondelautisme.ca\/wp-content\/uploads\/2025\/09\/MA-Logo_FR_Blue.png","width":3011,"height":1525,"caption":"La Maison de l'Autisme"},"image":{"@id":"https:\/\/lamaisondelautisme.ca\/#\/schema\/logo\/image\/"},"sameAs":["https:\/\/www.facebook.com\/lamaisondelautismeautismhouse","https:\/\/www.youtube.com\/@maisondelautisme-autismhouse","https:\/\/www.instagram.com\/maisondelautisme_autismhouse\/","https:\/\/ca.linkedin.com\/company\/maison-de-l-autisme-autism-house","https:\/\/www.threads.com\/@maisondelautisme_autismhouse?igshid=NTc4MTIwNjQ2YQ"]}]}},"campaignId":"","spectra_custom_meta":{"_edit_lock":["1759985973:270503461"],"_g_feedback_shortcode_f277d7067f0dd3b80b799c2f6495f46974e1c4ed":["\n\t\t\t\t[contact-field label=\"Nom\" type=\"name\"  required=\"true\" \/]\n\t\t\t\t[contact-field label=\"E-mail\" type=\"email\" required=\"true\" \/]\n\t\t\t\t[contact-field label=\"Site web\" type=\"url\" \/]\n\t\t\t\t[contact-field label=\"Message\" type=\"textarea\" \/]"],"_g_feedback_shortcode_atts_f277d7067f0dd3b80b799c2f6495f46974e1c4ed":["a:18:{s:2:\"to\";s:13:\"d@libride.net\";s:7:\"subject\";s:27:\"[Maison de l&#039;Autisme] \";s:12:\"show_subject\";s:2:\"no\";s:6:\"widget\";i:0;s:14:\"block_template\";N;s:19:\"block_template_part\";N;s:2:\"id\";i:156;s:18:\"submit_button_text\";s:9:\"Soumettre\";s:14:\"customThankyou\";s:0:\"\";s:21:\"customThankyouHeading\";s:29:\"Votre message a \u00e9t\u00e9 envoy\u00e9\";s:21:\"customThankyouMessage\";s:30:\"Merci pour votre soumission\u00a0!\";s:22:\"customThankyouRedirect\";s:0:\"\";s:10:\"jetpackCRM\";b:1;s:9:\"className\";N;s:9:\"postToUrl\";N;s:14:\"salesforceData\";N;s:12:\"hiddenFields\";N;s:14:\"stepTransition\";s:10:\"fade-slide\";}"],"_last_editor_used_jetpack":["block-editor"],"_publicize_pending":["1"],"jabber_published":["1750714127"],"firehose_sent":["1750714127"],"_elasticsearch_indexed_on":["2025-06-23 21:28:48"],"_elasticsearch_data_sharing_indexed_on":["2025-06-23 21:28:22"],"_wp_page_template":["wp-custom-template-pages-entraide"],"_edit_last":["270503461"],"_uagb_previous_block_counts":["a:90:{s:21:\"uagb\/advanced-heading\";i:0;s:15:\"uagb\/blockquote\";i:0;s:12:\"uagb\/buttons\";i:0;s:18:\"uagb\/buttons-child\";i:0;s:19:\"uagb\/call-to-action\";i:0;s:15:\"uagb\/cf7-styler\";i:0;s:11:\"uagb\/column\";i:0;s:12:\"uagb\/columns\";i:0;s:14:\"uagb\/container\";i:0;s:21:\"uagb\/content-timeline\";i:0;s:27:\"uagb\/content-timeline-child\";i:0;s:14:\"uagb\/countdown\";i:0;s:12:\"uagb\/counter\";i:0;s:8:\"uagb\/faq\";i:0;s:14:\"uagb\/faq-child\";i:0;s:10:\"uagb\/forms\";i:0;s:17:\"uagb\/forms-accept\";i:0;s:19:\"uagb\/forms-checkbox\";i:0;s:15:\"uagb\/forms-date\";i:0;s:16:\"uagb\/forms-email\";i:0;s:17:\"uagb\/forms-hidden\";i:0;s:15:\"uagb\/forms-name\";i:0;s:16:\"uagb\/forms-phone\";i:0;s:16:\"uagb\/forms-radio\";i:0;s:17:\"uagb\/forms-select\";i:0;s:19:\"uagb\/forms-textarea\";i:0;s:17:\"uagb\/forms-toggle\";i:0;s:14:\"uagb\/forms-url\";i:0;s:14:\"uagb\/gf-styler\";i:0;s:15:\"uagb\/google-map\";i:0;s:11:\"uagb\/how-to\";i:0;s:16:\"uagb\/how-to-step\";i:0;s:9:\"uagb\/icon\";i:0;s:14:\"uagb\/icon-list\";i:0;s:20:\"uagb\/icon-list-child\";i:0;s:10:\"uagb\/image\";i:0;s:18:\"uagb\/image-gallery\";i:0;s:13:\"uagb\/info-box\";i:0;s:18:\"uagb\/inline-notice\";i:0;s:11:\"uagb\/lottie\";i:0;s:21:\"uagb\/marketing-button\";i:0;s:10:\"uagb\/modal\";i:0;s:18:\"uagb\/popup-builder\";i:0;s:16:\"uagb\/post-button\";i:0;s:18:\"uagb\/post-carousel\";i:0;s:17:\"uagb\/post-excerpt\";i:0;s:14:\"uagb\/post-grid\";i:0;s:15:\"uagb\/post-image\";i:0;s:17:\"uagb\/post-masonry\";i:0;s:14:\"uagb\/post-meta\";i:0;s:18:\"uagb\/post-taxonomy\";i:0;s:18:\"uagb\/post-timeline\";i:0;s:15:\"uagb\/post-title\";i:0;s:20:\"uagb\/restaurant-menu\";i:0;s:26:\"uagb\/restaurant-menu-child\";i:0;s:11:\"uagb\/review\";i:0;s:12:\"uagb\/section\";i:0;s:14:\"uagb\/separator\";i:2;s:11:\"uagb\/slider\";i:0;s:17:\"uagb\/slider-child\";i:0;s:17:\"uagb\/social-share\";i:0;s:23:\"uagb\/social-share-child\";i:0;s:16:\"uagb\/star-rating\";i:0;s:23:\"uagb\/sure-cart-checkout\";i:0;s:22:\"uagb\/sure-cart-product\";i:0;s:15:\"uagb\/sure-forms\";i:0;s:22:\"uagb\/table-of-contents\";i:0;s:9:\"uagb\/tabs\";i:0;s:15:\"uagb\/tabs-child\";i:0;s:18:\"uagb\/taxonomy-list\";i:0;s:9:\"uagb\/team\";i:0;s:16:\"uagb\/testimonial\";i:0;s:14:\"uagb\/wp-search\";i:0;s:19:\"uagb\/instagram-feed\";i:0;s:10:\"uagb\/login\";i:0;s:17:\"uagb\/loop-builder\";i:0;s:18:\"uagb\/loop-category\";i:0;s:20:\"uagb\/loop-pagination\";i:0;s:15:\"uagb\/loop-reset\";i:0;s:16:\"uagb\/loop-search\";i:0;s:14:\"uagb\/loop-sort\";i:0;s:17:\"uagb\/loop-wrapper\";i:0;s:13:\"uagb\/register\";i:0;s:19:\"uagb\/register-email\";i:0;s:24:\"uagb\/register-first-name\";i:0;s:23:\"uagb\/register-last-name\";i:0;s:22:\"uagb\/register-password\";i:0;s:30:\"uagb\/register-reenter-password\";i:0;s:19:\"uagb\/register-terms\";i:0;s:22:\"uagb\/register-username\";i:0;}"],"_thumbnail_id":["1689"],"_yoast_wpseo_content_score":["90"],"_yoast_wpseo_estimated-reading-time-minutes":["1"],"_uag_css_file_name":["uag-css-156.css"],"_uagb_last_spectra_edit":["1776752303"],"_uag_page_assets":["a:9:{s:3:\"css\";s:11868:\".wp-block-uagb-image{display:flex}.wp-block-uagb-image__figure{position:relative;display:flex;flex-direction:column;max-width:100%;height:auto;margin:0}.wp-block-uagb-image__figure img{height:auto;display:flex;max-width:100%;transition:box-shadow .2s ease}.wp-block-uagb-image__figure>a{display:inline-block}.wp-block-uagb-image__figure figcaption{text-align:center;margin-top:.5em;margin-bottom:1em}.wp-block-uagb-image .components-placeholder.block-editor-media-placeholder .components-placeholder__instructions{align-self:center}.wp-block-uagb-image--align-left{text-align:left}.wp-block-uagb-image--align-right{text-align:right}.wp-block-uagb-image--align-center{text-align:center}.wp-block-uagb-image--align-full .wp-block-uagb-image__figure{margin-left:calc(50% - 50vw);margin-right:calc(50% - 50vw);max-width:100vw;width:100vw;height:auto}.wp-block-uagb-image--align-full .wp-block-uagb-image__figure img{height:auto;width:100% !important}.wp-block-uagb-image--align-wide .wp-block-uagb-image__figure img{height:auto;width:100%}.wp-block-uagb-image--layout-overlay__color-wrapper{position:absolute;left:0;top:0;right:0;bottom:0;opacity:.2;background:rgba(0,0,0,.5);transition:opacity .35s ease-in-out}.wp-block-uagb-image--layout-overlay-link{position:absolute;left:0;right:0;bottom:0;top:0}.wp-block-uagb-image--layout-overlay .wp-block-uagb-image__figure:hover .wp-block-uagb-image--layout-overlay__color-wrapper{opacity:1}.wp-block-uagb-image--layout-overlay__inner{position:absolute;left:15px;right:15px;bottom:15px;top:15px;display:flex;align-items:center;justify-content:center;flex-direction:column;border-color:#fff;transition:.35s ease-in-out}.wp-block-uagb-image--layout-overlay__inner.top-left,.wp-block-uagb-image--layout-overlay__inner.top-center,.wp-block-uagb-image--layout-overlay__inner.top-right{justify-content:flex-start}.wp-block-uagb-image--layout-overlay__inner.bottom-left,.wp-block-uagb-image--layout-overlay__inner.bottom-center,.wp-block-uagb-image--layout-overlay__inner.bottom-right{justify-content:flex-end}.wp-block-uagb-image--layout-overlay__inner.top-left,.wp-block-uagb-image--layout-overlay__inner.center-left,.wp-block-uagb-image--layout-overlay__inner.bottom-left{align-items:flex-start}.wp-block-uagb-image--layout-overlay__inner.top-right,.wp-block-uagb-image--layout-overlay__inner.center-right,.wp-block-uagb-image--layout-overlay__inner.bottom-right{align-items:flex-end}.wp-block-uagb-image--layout-overlay__inner .uagb-image-heading{color:#fff;transition:transform .35s,opacity .35s ease-in-out;transform:translate3d(0, 24px, 0);margin:0;line-height:1em}.wp-block-uagb-image--layout-overlay__inner .uagb-image-separator{width:30%;border-top-width:2px;border-top-color:#fff;border-top-style:solid;margin-bottom:10px;opacity:0;transition:transform .4s,opacity .4s ease-in-out;transform:translate3d(0, 30px, 0)}.wp-block-uagb-image--layout-overlay__inner .uagb-image-caption{opacity:0;overflow:visible;color:#fff;transition:transform .45s,opacity .45s ease-in-out;transform:translate3d(0, 35px, 0)}.wp-block-uagb-image--layout-overlay__inner:hover .uagb-image-heading,.wp-block-uagb-image--layout-overlay__inner:hover .uagb-image-separator,.wp-block-uagb-image--layout-overlay__inner:hover .uagb-image-caption{opacity:1;transform:translate3d(0, 0, 0)}.wp-block-uagb-image--effect-zoomin .wp-block-uagb-image__figure img,.wp-block-uagb-image--effect-zoomin .wp-block-uagb-image__figure .wp-block-uagb-image--layout-overlay__color-wrapper{transform:scale(1);transition:transform .35s ease-in-out}.wp-block-uagb-image--effect-zoomin .wp-block-uagb-image__figure:hover img,.wp-block-uagb-image--effect-zoomin .wp-block-uagb-image__figure:hover .wp-block-uagb-image--layout-overlay__color-wrapper{transform:scale(1.05)}.wp-block-uagb-image--effect-slide .wp-block-uagb-image__figure img,.wp-block-uagb-image--effect-slide .wp-block-uagb-image__figure .wp-block-uagb-image--layout-overlay__color-wrapper{width:calc(100% + 40px) !important;max-width:none !important;transform:translate3d(-40px, 0, 0);transition:transform .35s ease-in-out}.wp-block-uagb-image--effect-slide .wp-block-uagb-image__figure:hover img,.wp-block-uagb-image--effect-slide .wp-block-uagb-image__figure:hover .wp-block-uagb-image--layout-overlay__color-wrapper{transform:translate3d(0, 0, 0)}.wp-block-uagb-image--effect-grayscale img{filter:grayscale(0%);transition:.35s ease-in-out}.wp-block-uagb-image--effect-grayscale:hover img{filter:grayscale(100%)}.wp-block-uagb-image--effect-blur img{filter:blur(0);transition:.35s ease-in-out}.wp-block-uagb-image--effect-blur:hover img{filter:blur(3px)}.uagb-block-f24e354c.wp-block-uagb-image--layout-default figure img{box-shadow: 0px 0px 0 #00000070;}.uagb-block-f24e354c.wp-block-uagb-image .wp-block-uagb-image__figure figcaption{font-style: normal;align-self: center;}.uagb-block-f24e354c.wp-block-uagb-image--layout-overlay figure img{box-shadow: 0px 0px 0 #00000070;}.uagb-block-f24e354c.wp-block-uagb-image--layout-overlay .wp-block-uagb-image--layout-overlay__color-wrapper{opacity: 0.2;}.uagb-block-f24e354c.wp-block-uagb-image--layout-overlay .wp-block-uagb-image--layout-overlay__inner{left: 15px;right: 15px;top: 15px;bottom: 15px;}.uagb-block-f24e354c.wp-block-uagb-image--layout-overlay .wp-block-uagb-image--layout-overlay__inner .uagb-image-heading{font-style: normal;color: #fff;opacity: 1;}.uagb-block-f24e354c.wp-block-uagb-image--layout-overlay .wp-block-uagb-image--layout-overlay__inner .uagb-image-heading a{color: #fff;}.uagb-block-f24e354c.wp-block-uagb-image--layout-overlay .wp-block-uagb-image--layout-overlay__inner .uagb-image-caption{opacity: 0;}.uagb-block-f24e354c.wp-block-uagb-image--layout-overlay .wp-block-uagb-image__figure:hover .wp-block-uagb-image--layout-overlay__color-wrapper{opacity: 1;}.uagb-block-f24e354c.wp-block-uagb-image .wp-block-uagb-image--layout-overlay__inner .uagb-image-separator{width: 30%;border-top-width: 2px;border-top-color: #fff;opacity: 0;}.uagb-block-f24e354c.wp-block-uagb-image .wp-block-uagb-image__figure img{width: 100px;height: 100px;}.uagb-block-f24e354c.wp-block-uagb-image .wp-block-uagb-image__figure:hover .wp-block-uagb-image--layout-overlay__inner .uagb-image-caption{opacity: 1;}.uagb-block-f24e354c.wp-block-uagb-image .wp-block-uagb-image__figure:hover .wp-block-uagb-image--layout-overlay__inner .uagb-image-separator{opacity: 1;}.uagb-block-f24e354c.wp-block-uagb-image--layout-default figure:hover img{box-shadow: 0px 0px 0 #00000070;}.uagb-block-f24e354c.wp-block-uagb-image--layout-overlay figure:hover img{box-shadow: 0px 0px 0 #00000070;}@media only screen and (max-width: 976px) {.uagb-block-f24e354c.wp-block-uagb-image .wp-block-uagb-image__figure img{width: 100px;height: auto;}}@media only screen and (max-width: 767px) {.uagb-block-f24e354c.wp-block-uagb-image .wp-block-uagb-image__figure img{width: 100px;height: auto;}}.uag-blocks-common-selector{z-index:var(--z-index-desktop) !important}@media(max-width: 976px){.uag-blocks-common-selector{z-index:var(--z-index-tablet) !important}}@media(max-width: 767px){.uag-blocks-common-selector{z-index:var(--z-index-mobile) !important}}.wp-block-uagb-separator{text-align:center;box-sizing:border-box;line-height:0}.wp-block-uagb-separator__inner{display:inline-block}.wp-block-uagb-separator:not(.wp-block-uagb-separator--text):not(.wp-block-uagb-separator--icon) .wp-block-uagb-separator__inner{border-top-style:solid;-webkit-mask:var(--my-background-image);-webkit-mask-size:38px 100%;-webkit-mask-repeat:repeat-x}.wp-block-uagb-separator--text .wp-block-uagb-separator__inner,.wp-block-uagb-separator--icon .wp-block-uagb-separator__inner{display:flex;justify-content:center;align-items:center;margin:0 auto}.wp-block-uagb-separator--text .wp-block-uagb-separator__inner::before,.wp-block-uagb-separator--icon .wp-block-uagb-separator__inner::before{display:block;content:\"\";border-bottom:0;flex-grow:1;border-top-color:#333;border-top-style:solid;-webkit-mask:var(--my-background-image);-webkit-mask-size:38px 100%;-webkit-mask-repeat:repeat-x}.wp-block-uagb-separator--text .wp-block-uagb-separator__inner::after,.wp-block-uagb-separator--icon .wp-block-uagb-separator__inner::after{display:block;content:\"\";border-bottom:0;flex-grow:1;border-top-color:#333;border-top-style:solid;-webkit-mask:var(--my-background-image);-webkit-mask-size:38px 100%;-webkit-mask-repeat:repeat-x}.wp-block-uagb-separator--icon .wp-block-uagb-separator-element svg{font-size:30px;color:#333;fill:#333;width:30px;height:30px;line-height:30px;max-width:none}.wp-block-uagb-separator--text .wp-block-uagb-separator-element .uagb-html-tag{word-break:initial;margin:0}.uagb-block-f8d9b62a.wp-block-uagb-separator{text-align: center;}.uagb-block-f8d9b62a.wp-block-uagb-separator--text .wp-block-uagb-separator-element .uagb-html-tag{font-style: normal;line-height: 1em;}.uagb-block-f8d9b62a .uagb-separator-spacing-wrapper{padding-top: 10px;padding-right: 0px;padding-bottom: 0px;padding-left: 0px;}.uagb-block-f8d9b62a.wp-block-uagb-separator:not(.wp-block-uagb-separator--text):not(.wp-block-uagb-separator--icon) .wp-block-uagb-separator__inner{-webkit-mask-size: 5px 100%;border-top-width: 30px;width: 100%;border-top-color: #26764c;border-top-style: solid;margin-top: 5px;margin-bottom: 5px;}.uagb-block-f007fb96.wp-block-uagb-separator{text-align: center;}.uagb-block-f007fb96.wp-block-uagb-separator--text .wp-block-uagb-separator-element .uagb-html-tag{font-style: normal;line-height: 1em;}.uagb-block-f007fb96.wp-block-uagb-separator:not(.wp-block-uagb-separator--text):not(.wp-block-uagb-separator--icon) .wp-block-uagb-separator__inner{-webkit-mask-size: 5px 100%;border-top-width: 30px;width: 100%;border-top-color: #26764c;border-top-style: solid;margin-top: 5px;margin-bottom: 5px;}@media only screen and (max-width: 976px) {.uagb-block-f8d9b62a.wp-block-uagb-separator{text-align: center;}.uagb-block-f8d9b62a.wp-block-uagb-separator--text .wp-block-uagb-separator-element .uagb-html-tag{font-style: normal;margin-bottom: initial;line-height: 1em;}.uagb-block-f8d9b62a.wp-block-uagb-separator:not(.wp-block-uagb-separator--text):not(.wp-block-uagb-separator--icon) .wp-block-uagb-separator__inner{-webkit-mask-size: 5px 100%;width: 100%;border-top-color: #26764c;border-top-style: solid;margin-top: 5px;margin-bottom: 5px;}.uagb-block-f007fb96.wp-block-uagb-separator{text-align: center;}.uagb-block-f007fb96.wp-block-uagb-separator--text .wp-block-uagb-separator-element .uagb-html-tag{font-style: normal;margin-bottom: initial;line-height: 1em;}.uagb-block-f007fb96.wp-block-uagb-separator:not(.wp-block-uagb-separator--text):not(.wp-block-uagb-separator--icon) .wp-block-uagb-separator__inner{-webkit-mask-size: 5px 100%;width: 100%;border-top-color: #26764c;border-top-style: solid;margin-top: 5px;margin-bottom: 5px;}}@media only screen and (max-width: 767px) {.uagb-block-f8d9b62a.wp-block-uagb-separator{text-align: center;}.uagb-block-f8d9b62a.wp-block-uagb-separator--text .wp-block-uagb-separator-element .uagb-html-tag{font-style: normal;margin-bottom: initial;line-height: 1em;}.uagb-block-f8d9b62a.wp-block-uagb-separator:not(.wp-block-uagb-separator--text):not(.wp-block-uagb-separator--icon) .wp-block-uagb-separator__inner{-webkit-mask-size: 5px 100%;width: 100%;border-top-color: #26764c;border-top-style: solid;margin-top: 5px;margin-bottom: 5px;}.uagb-block-f007fb96.wp-block-uagb-separator{text-align: center;}.uagb-block-f007fb96.wp-block-uagb-separator--text .wp-block-uagb-separator-element .uagb-html-tag{font-style: normal;margin-bottom: initial;line-height: 1em;}.uagb-block-f007fb96.wp-block-uagb-separator:not(.wp-block-uagb-separator--text):not(.wp-block-uagb-separator--icon) .wp-block-uagb-separator__inner{-webkit-mask-size: 5px 100%;width: 100%;border-top-color: #26764c;border-top-style: solid;margin-top: 5px;margin-bottom: 5px;}}\";s:2:\"js\";s:0:\"\";s:18:\"current_block_list\";a:21:{i:0;s:10:\"core\/group\";i:3;s:14:\"core\/site-logo\";i:5;s:15:\"core\/navigation\";i:6;s:17:\"core\/post-content\";i:12;s:14:\"core\/paragraph\";i:13;s:10:\"core\/image\";i:14;s:14:\"core\/separator\";i:15;s:12:\"core\/columns\";i:16;s:11:\"core\/column\";i:18;s:12:\"core\/heading\";i:19;s:10:\"uagb\/image\";i:21;s:17:\"core\/social-links\";i:22;s:16:\"core\/social-link\";i:23;s:15:\"core\/media-text\";i:25;s:14:\"a8c\/blog-posts\";i:27;s:14:\"uagb\/separator\";i:28;s:15:\"core\/categories\";i:29;s:11:\"core\/search\";i:30;s:17:\"core\/latest-posts\";i:31;s:20:\"core\/latest-comments\";i:32;s:13:\"core\/archives\";}s:8:\"uag_flag\";b:1;s:11:\"uag_version\";s:10:\"1777695480\";s:6:\"gfonts\";a:1:{s:7:\"Default\";a:2:{s:10:\"fontfamily\";s:7:\"Default\";s:12:\"fontvariants\";a:0:{}}}s:10:\"gfonts_url\";s:71:\"\/\/fonts.googleapis.com\/css?family=Default&subset=latin&display=fallback\";s:12:\"gfonts_files\";a:0:{}s:14:\"uag_faq_layout\";b:0;}"]},"uagb_featured_image_src":{"full":["https:\/\/lamaisondelautisme.ca\/wp-content\/uploads\/2025\/09\/Q_education-bleu.png",2000,2000,false],"thumbnail":["https:\/\/lamaisondelautisme.ca\/wp-content\/uploads\/2025\/09\/Q_education-bleu-150x150.png",150,150,true],"medium":["https:\/\/lamaisondelautisme.ca\/wp-content\/uploads\/2025\/09\/Q_education-bleu-300x300.png",300,300,true],"medium_large":["https:\/\/lamaisondelautisme.ca\/wp-content\/uploads\/2025\/09\/Q_education-bleu-768x768.png",768,768,true],"large":["https:\/\/lamaisondelautisme.ca\/wp-content\/uploads\/2025\/09\/Q_education-bleu-1024x1024.png",1024,1024,true],"1536x1536":["https:\/\/lamaisondelautisme.ca\/wp-content\/uploads\/2025\/09\/Q_education-bleu-1536x1536.png",1536,1536,true],"2048x2048":["https:\/\/lamaisondelautisme.ca\/wp-content\/uploads\/2025\/09\/Q_education-bleu.png",2000,2000,false],"trp-custom-language-flag":["https:\/\/lamaisondelautisme.ca\/wp-content\/uploads\/2025\/09\/Q_education-bleu-12x12.png",12,12,true],"newspack-article-block-landscape-large":["https:\/\/lamaisondelautisme.ca\/wp-content\/uploads\/2025\/09\/Q_education-bleu.png",900,900,false],"newspack-article-block-portrait-large":["https:\/\/lamaisondelautisme.ca\/wp-content\/uploads\/2025\/09\/Q_education-bleu.png",900,900,false],"newspack-article-block-square-large":["https:\/\/lamaisondelautisme.ca\/wp-content\/uploads\/2025\/09\/Q_education-bleu.png",1200,1200,false],"newspack-article-block-landscape-medium":["https:\/\/lamaisondelautisme.ca\/wp-content\/uploads\/2025\/09\/Q_education-bleu.png",600,600,false],"newspack-article-block-portrait-medium":["https:\/\/lamaisondelautisme.ca\/wp-content\/uploads\/2025\/09\/Q_education-bleu.png",600,600,false],"newspack-article-block-square-medium":["https:\/\/lamaisondelautisme.ca\/wp-content\/uploads\/2025\/09\/Q_education-bleu.png",800,800,false],"newspack-article-block-landscape-intermediate":["https:\/\/lamaisondelautisme.ca\/wp-content\/uploads\/2025\/09\/Q_education-bleu.png",450,450,false],"newspack-article-block-portrait-intermediate":["https:\/\/lamaisondelautisme.ca\/wp-content\/uploads\/2025\/09\/Q_education-bleu.png",450,450,false],"newspack-article-block-square-intermediate":["https:\/\/lamaisondelautisme.ca\/wp-content\/uploads\/2025\/09\/Q_education-bleu.png",600,600,false],"newspack-article-block-landscape-small":["https:\/\/lamaisondelautisme.ca\/wp-content\/uploads\/2025\/09\/Q_education-bleu.png",300,300,false],"newspack-article-block-portrait-small":["https:\/\/lamaisondelautisme.ca\/wp-content\/uploads\/2025\/09\/Q_education-bleu.png",300,300,false],"newspack-article-block-square-small":["https:\/\/lamaisondelautisme.ca\/wp-content\/uploads\/2025\/09\/Q_education-bleu.png",400,400,false],"newspack-article-block-landscape-tiny":["https:\/\/lamaisondelautisme.ca\/wp-content\/uploads\/2025\/09\/Q_education-bleu.png",150,150,false],"newspack-article-block-portrait-tiny":["https:\/\/lamaisondelautisme.ca\/wp-content\/uploads\/2025\/09\/Q_education-bleu.png",150,150,false],"newspack-article-block-square-tiny":["https:\/\/lamaisondelautisme.ca\/wp-content\/uploads\/2025\/09\/Q_education-bleu.png",200,200,false],"newspack-article-block-uncropped":["https:\/\/lamaisondelautisme.ca\/wp-content\/uploads\/2025\/09\/Q_education-bleu.png",1200,1200,false]},"uagb_author_info":{"display_name":"adminWP","author_link":"https:\/\/lamaisondelautisme.ca\/en\/author\/adminmaisondelautisme\/"},"uagb_comment_info":0,"uagb_excerpt":"Blogue de personnes autistes Cat\u00e9gories d&rsquo;articles","jetpack_sharing_enabled":true,"jetpack_shortlink":"https:\/\/wp.me\/PgCvQa-2w","_links":{"self":[{"href":"https:\/\/lamaisondelautisme.ca\/en\/wp-json\/wp\/v2\/pages\/156","targetHints":{"allow":["GET"]}}],"collection":[{"href":"https:\/\/lamaisondelautisme.ca\/en\/wp-json\/wp\/v2\/pages"}],"about":[{"href":"https:\/\/lamaisondelautisme.ca\/en\/wp-json\/wp\/v2\/types\/page"}],"author":[{"embeddable":true,"href":"https:\/\/lamaisondelautisme.ca\/en\/wp-json\/wp\/v2\/users\/270503461"}],"replies":[{"embeddable":true,"href":"https:\/\/lamaisondelautisme.ca\/en\/wp-json\/wp\/v2\/comments?post=156"}],"version-history":[{"count":30,"href":"https:\/\/lamaisondelautisme.ca\/en\/wp-json\/wp\/v2\/pages\/156\/revisions"}],"predecessor-version":[{"id":2411,"href":"https:\/\/lamaisondelautisme.ca\/en\/wp-json\/wp\/v2\/pages\/156\/revisions\/2411"}],"up":[{"embeddable":true,"href":"https:\/\/lamaisondelautisme.ca\/en\/wp-json\/wp\/v2\/pages\/1465"}],"wp:featuredmedia":[{"embeddable":true,"href":"https:\/\/lamaisondelautisme.ca\/en\/wp-json\/wp\/v2\/media\/1689"}],"wp:attachment":[{"href":"https:\/\/lamaisondelautisme.ca\/en\/wp-json\/wp\/v2\/media?parent=156"}],"curies":[{"name":"wp","href":"https:\/\/api.w.org\/{rel}","templated":true}]}}